{"id":6,"date":"2025-07-11T17:34:44","date_gmt":"2025-07-11T17:34:44","guid":{"rendered":"https:\/\/andreasbracke.de\/?page_id=6"},"modified":"2026-04-01T13:00:20","modified_gmt":"2026-04-01T13:00:20","slug":"startseite","status":"publish","type":"page","link":"https:\/\/andreasbracke.de\/","title":{"rendered":""},"content":{"rendered":"\n<div class=\"wp-block-group alignfull has-base-background-color has-background has-global-padding is-content-justification-center is-layout-constrained wp-container-core-group-is-layout-1c0ec217 wp-block-group-is-layout-constrained\" style=\"margin-top:0;margin-bottom:0;padding-top:var(--wp--preset--spacing--70);padding-bottom:var(--wp--preset--spacing--70)\">\n<div class=\"wp-block-columns alignwide is-layout-flex wp-container-core-columns-is-layout-08a2a807 wp-block-columns-is-layout-flex\">\n<div class=\"wp-block-column is-vertically-aligned-center is-layout-flow wp-block-column-is-layout-flow\">\n<h3 class=\"wp-block-heading has-custom-rh-ndorf-blau-color has-text-color has-link-color has-xx-large-font-size wp-elements-2bff10f4db70b6faaf9d55290da19554\"><strong>Dr. Andreas Bracke<\/strong><\/h3>\n\n\n\n<p class=\"has-custom-rh-ndorf-blau-color has-text-color has-link-color has-medium-font-size wp-elements-db77b7f3fa4e7296f1021c1d760cbfd9\"><strong>Aus Bochum.  F\u00fcr Bochum.<\/strong><\/p>\n\n\n\n<p class=\"has-custom-rh-ndorf-blau-color has-text-color has-link-color wp-elements-ad80fc21fc55cfb7e8c402912843d07e\">Geboren und aufgewachsen in Bochum, Maschinenbauingenieur und internationale F\u00fchrungskraft, seit \u00fcber 30 Jahren ehrenamtlich kommunalpolitisch aktiv, verheiratet, Vater und in Bochum fest verwurzelt.<\/p>\n\n\n\n<p class=\"has-custom-rh-ndorf-blau-color has-text-color has-link-color wp-elements-799367bef616ff4064ce0fd83265700c\"><\/p>\n\n\n\n<p class=\"has-custom-rh-ndorf-blau-color has-text-color has-link-color wp-elements-799367bef616ff4064ce0fd83265700c\"><\/p>\n\n\n\n<ul style=\"margin-top:var(--wp--preset--spacing--40);margin-bottom:var(--wp--preset--spacing--40);padding-left:var(--wp--preset--spacing--30)\" class=\"wp-block-list is-style-checkmark-list\"><\/ul>\n\n\n\n<p class=\"has-small-font-size\"><\/p>\n<\/div>\n\n\n\n<div class=\"wp-block-column is-vertically-aligned-center is-layout-flow wp-block-column-is-layout-flow\">\n<figure class=\"wp-block-image size-full is-resized\"><img fetchpriority=\"high\" decoding=\"async\" width=\"1414\" height=\"2000\" src=\"https:\/\/andreasbracke.de\/wp-content\/uploads\/2025\/07\/Andreas.png\" alt=\"\" class=\"wp-image-81\" style=\"width:469px;height:auto\" srcset=\"https:\/\/andreasbracke.de\/wp-content\/uploads\/2025\/07\/Andreas.png 1414w, https:\/\/andreasbracke.de\/wp-content\/uploads\/2025\/07\/Andreas-212x300.png 212w, https:\/\/andreasbracke.de\/wp-content\/uploads\/2025\/07\/Andreas-724x1024.png 724w, https:\/\/andreasbracke.de\/wp-content\/uploads\/2025\/07\/Andreas-768x1086.png 768w, https:\/\/andreasbracke.de\/wp-content\/uploads\/2025\/07\/Andreas-1086x1536.png 1086w\" sizes=\"(max-width: 1414px) 100vw, 1414px\" \/><\/figure>\n<\/div>\n<\/div>\n<\/div>\n\n\n\n<div class=\"wp-block-group alignfull has-global-padding is-layout-constrained wp-block-group-is-layout-constrained\" style=\"margin-top:0;margin-bottom:0;padding-top:var(--wp--preset--spacing--60);padding-bottom:var(--wp--preset--spacing--60)\">\n<div class=\"wp-block-columns alignwide is-layout-flex wp-container-core-columns-is-layout-28f84493 wp-block-columns-is-layout-flex\">\n<div class=\"wp-block-column is-layout-flow wp-block-column-is-layout-flow\">\n<h2 class=\"wp-block-heading\"><strong>Wof\u00fcr ich stehe<\/strong>?<\/h2>\n\n\n\n<p><strong>Mehr Sicherheit und Verl\u00e4sslichkeit im Alltag.<\/strong><br>Strukturen, die man sp\u00fcrt \u2013 vor Ort.<\/p>\n\n\n\n<p><strong>Ein Kitaplatz f\u00fcr jedes Kind.<\/strong><br>L\u00f6sungen statt Wartelisten.<\/p>\n\n\n\n<p><strong>Moderne Klassenr\u00e4ume statt Container.<\/strong><br>Bildung braucht Raum \u2013 keine Ausreden.<\/p>\n\n\n\n<p><strong>Mobilit\u00e4t statt Bevormundung.<\/strong><br>Weil Alltag z\u00e4hlt \u2013 nicht Ideologie.<\/p>\n<\/div>\n\n\n\n<div class=\"wp-block-column is-layout-flow wp-block-column-is-layout-flow\">\n<div class=\"wp-block-group is-layout-grid wp-container-core-group-is-layout-b757edec wp-block-group-is-layout-grid\">\n<figure class=\"wp-block-image size-full\"><img decoding=\"async\" width=\"1064\" height=\"1064\" src=\"https:\/\/andreasbracke.de\/wp-content\/uploads\/2025\/07\/Rathaus-e1752592576630.png\" alt=\"\" class=\"wp-image-120\" style=\"aspect-ratio:1;object-fit:cover\" srcset=\"https:\/\/andreasbracke.de\/wp-content\/uploads\/2025\/07\/Rathaus-e1752592576630.png 1064w, https:\/\/andreasbracke.de\/wp-content\/uploads\/2025\/07\/Rathaus-e1752592576630-300x300.png 300w, https:\/\/andreasbracke.de\/wp-content\/uploads\/2025\/07\/Rathaus-e1752592576630-1024x1024.png 1024w, https:\/\/andreasbracke.de\/wp-content\/uploads\/2025\/07\/Rathaus-e1752592576630-150x150.png 150w, https:\/\/andreasbracke.de\/wp-content\/uploads\/2025\/07\/Rathaus-e1752592576630-768x768.png 768w\" sizes=\"(max-width: 1064px) 100vw, 1064px\" \/><\/figure>\n\n\n\n<figure class=\"wp-block-image size-full\"><img decoding=\"async\" width=\"2048\" height=\"2048\" src=\"https:\/\/andreasbracke.de\/wp-content\/uploads\/2025\/07\/Gemini_Generated_Image_h3mcwsh3mcwsh3mc.png\" alt=\"\" class=\"wp-image-118\" style=\"aspect-ratio:1;object-fit:cover\" srcset=\"https:\/\/andreasbracke.de\/wp-content\/uploads\/2025\/07\/Gemini_Generated_Image_h3mcwsh3mcwsh3mc.png 2048w, https:\/\/andreasbracke.de\/wp-content\/uploads\/2025\/07\/Gemini_Generated_Image_h3mcwsh3mcwsh3mc-300x300.png 300w, https:\/\/andreasbracke.de\/wp-content\/uploads\/2025\/07\/Gemini_Generated_Image_h3mcwsh3mcwsh3mc-1024x1024.png 1024w, https:\/\/andreasbracke.de\/wp-content\/uploads\/2025\/07\/Gemini_Generated_Image_h3mcwsh3mcwsh3mc-150x150.png 150w, https:\/\/andreasbracke.de\/wp-content\/uploads\/2025\/07\/Gemini_Generated_Image_h3mcwsh3mcwsh3mc-768x768.png 768w, https:\/\/andreasbracke.de\/wp-content\/uploads\/2025\/07\/Gemini_Generated_Image_h3mcwsh3mcwsh3mc-1536x1536.png 1536w\" sizes=\"(max-width: 2048px) 100vw, 2048px\" \/><\/figure>\n\n\n\n<figure class=\"wp-block-image size-full\"><img loading=\"lazy\" decoding=\"async\" width=\"2048\" height=\"2048\" src=\"https:\/\/andreasbracke.de\/wp-content\/uploads\/2025\/07\/Gemini_Generated_Image_4fm8de4fm8de4fm8.jpg\" alt=\"\" class=\"wp-image-122\" style=\"aspect-ratio:1;object-fit:cover\" srcset=\"https:\/\/andreasbracke.de\/wp-content\/uploads\/2025\/07\/Gemini_Generated_Image_4fm8de4fm8de4fm8.jpg 2048w, https:\/\/andreasbracke.de\/wp-content\/uploads\/2025\/07\/Gemini_Generated_Image_4fm8de4fm8de4fm8-300x300.jpg 300w, https:\/\/andreasbracke.de\/wp-content\/uploads\/2025\/07\/Gemini_Generated_Image_4fm8de4fm8de4fm8-1024x1024.jpg 1024w, https:\/\/andreasbracke.de\/wp-content\/uploads\/2025\/07\/Gemini_Generated_Image_4fm8de4fm8de4fm8-150x150.jpg 150w, https:\/\/andreasbracke.de\/wp-content\/uploads\/2025\/07\/Gemini_Generated_Image_4fm8de4fm8de4fm8-768x768.jpg 768w, https:\/\/andreasbracke.de\/wp-content\/uploads\/2025\/07\/Gemini_Generated_Image_4fm8de4fm8de4fm8-1536x1536.jpg 1536w\" sizes=\"(max-width: 2048px) 100vw, 2048px\" \/><\/figure>\n\n\n\n<figure class=\"wp-block-image size-full\"><img loading=\"lazy\" decoding=\"async\" width=\"1080\" height=\"1080\" src=\"https:\/\/andreasbracke.de\/wp-content\/uploads\/2025\/07\/Bus.png\" alt=\"\" class=\"wp-image-119\" style=\"aspect-ratio:1;object-fit:cover\" srcset=\"https:\/\/andreasbracke.de\/wp-content\/uploads\/2025\/07\/Bus.png 1080w, https:\/\/andreasbracke.de\/wp-content\/uploads\/2025\/07\/Bus-300x300.png 300w, https:\/\/andreasbracke.de\/wp-content\/uploads\/2025\/07\/Bus-1024x1024.png 1024w, https:\/\/andreasbracke.de\/wp-content\/uploads\/2025\/07\/Bus-150x150.png 150w, https:\/\/andreasbracke.de\/wp-content\/uploads\/2025\/07\/Bus-768x768.png 768w\" sizes=\"(max-width: 1080px) 100vw, 1080px\" \/><\/figure>\n<\/div>\n<\/div>\n<\/div>\n<\/div>\n\n\n\n<div class=\"wp-block-group alignwide is-layout-flow wp-container-core-group-is-layout-d58a0413 wp-block-group-is-layout-flow\" style=\"padding-top:var(--wp--preset--spacing--50);padding-bottom:var(--wp--preset--spacing--50)\">\n<div class=\"wp-block-columns is-layout-flex wp-container-core-columns-is-layout-cbe57604 wp-block-columns-is-layout-flex\">\n<div class=\"wp-block-column is-layout-flow wp-block-column-is-layout-flow\">\n<div class=\"wp-block-group is-layout-flow wp-block-group-is-layout-flow\" style=\"border-top-color:var(--wp--preset--color--accent-6);border-top-width:1px;padding-top:var(--wp--preset--spacing--30);padding-bottom:var(--wp--preset--spacing--30)\">\n<h2 class=\"wp-block-heading\"><strong><strong>\u00dcber mich<\/strong><\/strong><\/h2>\n\n\n\n<p>Bochum ist meine Heimat. Hier bin ich geboren, aufgewachsen, zur Schule gegangen und habe Maschinenbau studiert und promoviert. Auch wenn ich beruflich in gro\u00dfen, weltweit t\u00e4tigen Sachverst\u00e4ndigenorganisationen viel von der Welt gesehen habe, ist Bochum immer meine Homebase geblieben. Hier lebt meine Familie, hier engagiere ich mich seit vielen Jahren ehrenamtlich f\u00fcr unsere Stadt.\u00a0<\/p>\n<\/div>\n<\/div>\n\n\n\n<div class=\"wp-block-column is-layout-flow wp-block-column-is-layout-flow\">\n<div class=\"wp-block-group is-layout-flow wp-block-group-is-layout-flow\" style=\"border-top-color:var(--wp--preset--color--accent-6);border-top-width:1px;padding-top:var(--wp--preset--spacing--30);padding-bottom:var(--wp--preset--spacing--30)\">\n<h2 class=\"wp-block-heading\"><strong>Meine Motivation: F\u00fcr die Menschen in Bochum<\/strong><\/h2>\n\n\n\n<p>Mir liegen die Menschen in Bochum besonders am Herzen. Mich f\u00fcr sie zu engagieren und ihre Lebensqualit\u00e4t zu verbessern, ist seit vielen Jahren die Triebfeder meines politischen Handelns.<\/p>\n\n\n\n<p>Mein politisches Credo:<br><strong>\u201eBochum von den Bed\u00fcrfnissen der B\u00fcrgerinnen und B\u00fcrger gedacht \u2013 ohne ideologische Scheuklappen.\u201c<\/strong><\/p>\n<\/div>\n<\/div>\n<\/div>\n\n\n\n<h2 class=\"wp-block-heading has-text-align-center\"><\/h2>\n<\/div>\n\n\n\n<div class=\"wp-block-group alignfull has-global-padding is-layout-constrained wp-block-group-is-layout-constrained\">\n<hr class=\"wp-block-separator has-alpha-channel-opacity\"\/>\n\n\n\n<p style=\"border-radius:0px;margin-right:0;margin-left:0\"><\/p>\n<\/div>\n\n\n\n<h1 class=\"wp-block-heading has-text-align-center has-custom-rh-ndorf-blau-color has-base-background-color has-text-color has-background has-link-color wp-elements-8438dec0b6449ac21783f4f01fe6f3a1\">Folgen Sie mir schon auf Instagram? <\/h1>\n\n\n\n<div style=\"height:100px\" aria-hidden=\"true\" class=\"wp-block-spacer\"><\/div>\n\n\n\n<div id=\"sb_instagram\"  class=\"sbi sbi_mob_col_1 sbi_tab_col_2 sbi_col_4 sbi_width_resp\" style=\"padding-bottom: 22px;\"\t data-feedid=\"*1\"  data-res=\"auto\" data-cols=\"4\" data-colsmobile=\"1\" data-colstablet=\"2\" data-num=\"8\" data-nummobile=\"8\" data-item-padding=\"11\"\t data-shortcode-atts=\"{&quot;feed&quot;:&quot;1&quot;}\"  data-postid=\"6\" data-locatornonce=\"d2ae112f66\" data-imageaspectratio=\"3:4\" data-sbi-flags=\"favorLocal,gdpr\">\n\t\n\t<div id=\"sbi_images\"  style=\"gap: 22px;\">\n\t\t<div class=\"sbi_item sbi_type_carousel sbi_new sbi_transition\"\n\tid=\"sbi_18575060410032150\" data-date=\"1777127198\">\n\t<div class=\"sbi_photo_wrap\">\n\t\t<a class=\"sbi_photo\" href=\"https:\/\/www.instagram.com\/p\/DXjtXuhDMUv\/\" target=\"_blank\" rel=\"noopener nofollow\"\n\t\t\tdata-full-res=\"https:\/\/scontent-fra3-1.cdninstagram.com\/v\/t51.82787-15\/674473504_17884571184512941_154377015397985983_n.jpg?stp=dst-jpg_e35_tt6&#038;_nc_cat=103&#038;ccb=7-5&#038;_nc_sid=18de74&#038;efg=eyJlZmdfdGFnIjoiQ0FST1VTRUxfSVRFTS5iZXN0X2ltYWdlX3VybGdlbi5DMyJ9&#038;_nc_ohc=zebe5NiF8VkQ7kNvwFR2rtv&#038;_nc_oc=AdrvuE_ZEHaHVKvcYJHDAEwvYGyN_R4vf3b5Ifuqj4bZ3vT71ywxBp-NqMvbN8hTbyyWBxmSn6QFi-PJUxZaxqh9&#038;_nc_zt=23&#038;_nc_ht=scontent-fra3-1.cdninstagram.com&#038;edm=ANo9K5cEAAAA&#038;_nc_gid=eXV_CDiCSrSHwL0AnY_R5A&#038;_nc_tpa=Q5bMBQG8eHBRvlLTJoSerEmndrcPjj4q-ZIhgwjhHBxEOF30a7nlCQY7XBkK2f_o-5QE-ocMletBzWNcgg&#038;oh=00_Af7fpyhZX5mLH8I4Q1NBxNj4RTi4U6V7_yHGG49cmoY0Pg&#038;oe=69FA72C5\"\n\t\t\tdata-img-src-set=\"{&quot;d&quot;:&quot;https:\\\/\\\/scontent-fra3-1.cdninstagram.com\\\/v\\\/t51.82787-15\\\/674473504_17884571184512941_154377015397985983_n.jpg?stp=dst-jpg_e35_tt6&amp;_nc_cat=103&amp;ccb=7-5&amp;_nc_sid=18de74&amp;efg=eyJlZmdfdGFnIjoiQ0FST1VTRUxfSVRFTS5iZXN0X2ltYWdlX3VybGdlbi5DMyJ9&amp;_nc_ohc=zebe5NiF8VkQ7kNvwFR2rtv&amp;_nc_oc=AdrvuE_ZEHaHVKvcYJHDAEwvYGyN_R4vf3b5Ifuqj4bZ3vT71ywxBp-NqMvbN8hTbyyWBxmSn6QFi-PJUxZaxqh9&amp;_nc_zt=23&amp;_nc_ht=scontent-fra3-1.cdninstagram.com&amp;edm=ANo9K5cEAAAA&amp;_nc_gid=eXV_CDiCSrSHwL0AnY_R5A&amp;_nc_tpa=Q5bMBQG8eHBRvlLTJoSerEmndrcPjj4q-ZIhgwjhHBxEOF30a7nlCQY7XBkK2f_o-5QE-ocMletBzWNcgg&amp;oh=00_Af7fpyhZX5mLH8I4Q1NBxNj4RTi4U6V7_yHGG49cmoY0Pg&amp;oe=69FA72C5&quot;,&quot;150&quot;:&quot;https:\\\/\\\/scontent-fra3-1.cdninstagram.com\\\/v\\\/t51.82787-15\\\/674473504_17884571184512941_154377015397985983_n.jpg?stp=dst-jpg_e35_tt6&amp;_nc_cat=103&amp;ccb=7-5&amp;_nc_sid=18de74&amp;efg=eyJlZmdfdGFnIjoiQ0FST1VTRUxfSVRFTS5iZXN0X2ltYWdlX3VybGdlbi5DMyJ9&amp;_nc_ohc=zebe5NiF8VkQ7kNvwFR2rtv&amp;_nc_oc=AdrvuE_ZEHaHVKvcYJHDAEwvYGyN_R4vf3b5Ifuqj4bZ3vT71ywxBp-NqMvbN8hTbyyWBxmSn6QFi-PJUxZaxqh9&amp;_nc_zt=23&amp;_nc_ht=scontent-fra3-1.cdninstagram.com&amp;edm=ANo9K5cEAAAA&amp;_nc_gid=eXV_CDiCSrSHwL0AnY_R5A&amp;_nc_tpa=Q5bMBQG8eHBRvlLTJoSerEmndrcPjj4q-ZIhgwjhHBxEOF30a7nlCQY7XBkK2f_o-5QE-ocMletBzWNcgg&amp;oh=00_Af7fpyhZX5mLH8I4Q1NBxNj4RTi4U6V7_yHGG49cmoY0Pg&amp;oe=69FA72C5&quot;,&quot;320&quot;:&quot;https:\\\/\\\/scontent-fra3-1.cdninstagram.com\\\/v\\\/t51.82787-15\\\/674473504_17884571184512941_154377015397985983_n.jpg?stp=dst-jpg_e35_tt6&amp;_nc_cat=103&amp;ccb=7-5&amp;_nc_sid=18de74&amp;efg=eyJlZmdfdGFnIjoiQ0FST1VTRUxfSVRFTS5iZXN0X2ltYWdlX3VybGdlbi5DMyJ9&amp;_nc_ohc=zebe5NiF8VkQ7kNvwFR2rtv&amp;_nc_oc=AdrvuE_ZEHaHVKvcYJHDAEwvYGyN_R4vf3b5Ifuqj4bZ3vT71ywxBp-NqMvbN8hTbyyWBxmSn6QFi-PJUxZaxqh9&amp;_nc_zt=23&amp;_nc_ht=scontent-fra3-1.cdninstagram.com&amp;edm=ANo9K5cEAAAA&amp;_nc_gid=eXV_CDiCSrSHwL0AnY_R5A&amp;_nc_tpa=Q5bMBQG8eHBRvlLTJoSerEmndrcPjj4q-ZIhgwjhHBxEOF30a7nlCQY7XBkK2f_o-5QE-ocMletBzWNcgg&amp;oh=00_Af7fpyhZX5mLH8I4Q1NBxNj4RTi4U6V7_yHGG49cmoY0Pg&amp;oe=69FA72C5&quot;,&quot;640&quot;:&quot;https:\\\/\\\/scontent-fra3-1.cdninstagram.com\\\/v\\\/t51.82787-15\\\/674473504_17884571184512941_154377015397985983_n.jpg?stp=dst-jpg_e35_tt6&amp;_nc_cat=103&amp;ccb=7-5&amp;_nc_sid=18de74&amp;efg=eyJlZmdfdGFnIjoiQ0FST1VTRUxfSVRFTS5iZXN0X2ltYWdlX3VybGdlbi5DMyJ9&amp;_nc_ohc=zebe5NiF8VkQ7kNvwFR2rtv&amp;_nc_oc=AdrvuE_ZEHaHVKvcYJHDAEwvYGyN_R4vf3b5Ifuqj4bZ3vT71ywxBp-NqMvbN8hTbyyWBxmSn6QFi-PJUxZaxqh9&amp;_nc_zt=23&amp;_nc_ht=scontent-fra3-1.cdninstagram.com&amp;edm=ANo9K5cEAAAA&amp;_nc_gid=eXV_CDiCSrSHwL0AnY_R5A&amp;_nc_tpa=Q5bMBQG8eHBRvlLTJoSerEmndrcPjj4q-ZIhgwjhHBxEOF30a7nlCQY7XBkK2f_o-5QE-ocMletBzWNcgg&amp;oh=00_Af7fpyhZX5mLH8I4Q1NBxNj4RTi4U6V7_yHGG49cmoY0Pg&amp;oe=69FA72C5&quot;}\">\n\t\t\t<span class=\"sbi-screenreader\">Herzlichen Gl\u00fcckwunsch an Dennis Radtke zur Wieder<\/span>\n\t\t\t<svg class=\"svg-inline--fa fa-clone fa-w-16 sbi_lightbox_carousel_icon\" aria-hidden=\"true\" aria-label=\"Clone\" data-fa-pro\u0192cessed=\"\" data-prefix=\"far\" data-icon=\"clone\" role=\"img\" xmlns=\"http:\/\/www.w3.org\/2000\/svg\" viewBox=\"0 0 512 512\">\n                    <path fill=\"currentColor\" d=\"M464 0H144c-26.51 0-48 21.49-48 48v48H48c-26.51 0-48 21.49-48 48v320c0 26.51 21.49 48 48 48h320c26.51 0 48-21.49 48-48v-48h48c26.51 0 48-21.49 48-48V48c0-26.51-21.49-48-48-48zM362 464H54a6 6 0 0 1-6-6V150a6 6 0 0 1 6-6h42v224c0 26.51 21.49 48 48 48h224v42a6 6 0 0 1-6 6zm96-96H150a6 6 0 0 1-6-6V54a6 6 0 0 1 6-6h308a6 6 0 0 1 6 6v308a6 6 0 0 1-6 6z\"><\/path>\n                <\/svg>\t\t\t\t\t\t<img decoding=\"async\" src=\"https:\/\/andreasbracke.de\/wp-content\/plugins\/instagram-feed\/img\/placeholder.png\" alt=\"Herzlichen Gl\u00fcckwunsch an Dennis Radtke zur Wiederwahl als Bundesvorsitzender der CDA Deutschlands. Seine klare Haltung, seine N\u00e4he zu den Menschen und sein Einsatz f\u00fcr die Anliegen der Besch\u00e4ftigten machen ihn zu einer pr\u00e4genden Stimme der Arbeitnehmerpolitik in unserer Partei.\nDass ein Bochumer diese wichtige Verantwortung auf Bundesebene tr\u00e4gt, macht uns stolz und zeigt: Bochum hat Gewicht in der Bundespolitik.\nIch sch\u00e4tze Dennis Radtke seit vielen Jahren und freue mich \u00fcber dieses starke Zeichen f\u00fcr die CDA und die gesamte CDU.\n#Bochum #CDU #CDA #DennisRadtke #AndreasBracke Arbeitnehmerpolitik Bundespolitik\" aria-hidden=\"true\">\n\t\t<\/a>\n\t<\/div>\n<\/div><div class=\"sbi_item sbi_type_carousel sbi_new sbi_transition\"\n\tid=\"sbi_18098553593014146\" data-date=\"1777037326\">\n\t<div class=\"sbi_photo_wrap\">\n\t\t<a class=\"sbi_photo\" href=\"https:\/\/www.instagram.com\/p\/DXhB8-rjMpN\/\" target=\"_blank\" rel=\"noopener nofollow\"\n\t\t\tdata-full-res=\"https:\/\/scontent-fra5-2.cdninstagram.com\/v\/t51.82787-15\/681550303_17884408608512941_9108123890452901913_n.jpg?stp=dst-jpg_e35_tt6&#038;_nc_cat=106&#038;ccb=7-5&#038;_nc_sid=18de74&#038;efg=eyJlZmdfdGFnIjoiQ0FST1VTRUxfSVRFTS5iZXN0X2ltYWdlX3VybGdlbi5DMyJ9&#038;_nc_ohc=V0fmKHz4oRUQ7kNvwE4DZ3W&#038;_nc_oc=AdohOKiytcZ_85emuAROEq8F7YwGfsRJ2zm9A-xzqA2cxBQmq7gWOGQyPD3SFuSdLKzgfUeOCNmWYyIpxc8-jNpv&#038;_nc_zt=23&#038;_nc_ht=scontent-fra5-2.cdninstagram.com&#038;edm=ANo9K5cEAAAA&#038;_nc_gid=eXV_CDiCSrSHwL0AnY_R5A&#038;_nc_tpa=Q5bMBQH48683JPtAegEdOb2ew3n4voDbG68G8XaQvW6Y2I-lqNUezpig590_v84yvWqKLtYGBe8AcqB2tg&#038;oh=00_Af6HPyUFnI-nX2XClepB0nRze3ftOXVjFJZVbZbD6ncosw&#038;oe=69FA7CF4\"\n\t\t\tdata-img-src-set=\"{&quot;d&quot;:&quot;https:\\\/\\\/scontent-fra5-2.cdninstagram.com\\\/v\\\/t51.82787-15\\\/681550303_17884408608512941_9108123890452901913_n.jpg?stp=dst-jpg_e35_tt6&amp;_nc_cat=106&amp;ccb=7-5&amp;_nc_sid=18de74&amp;efg=eyJlZmdfdGFnIjoiQ0FST1VTRUxfSVRFTS5iZXN0X2ltYWdlX3VybGdlbi5DMyJ9&amp;_nc_ohc=V0fmKHz4oRUQ7kNvwE4DZ3W&amp;_nc_oc=AdohOKiytcZ_85emuAROEq8F7YwGfsRJ2zm9A-xzqA2cxBQmq7gWOGQyPD3SFuSdLKzgfUeOCNmWYyIpxc8-jNpv&amp;_nc_zt=23&amp;_nc_ht=scontent-fra5-2.cdninstagram.com&amp;edm=ANo9K5cEAAAA&amp;_nc_gid=eXV_CDiCSrSHwL0AnY_R5A&amp;_nc_tpa=Q5bMBQH48683JPtAegEdOb2ew3n4voDbG68G8XaQvW6Y2I-lqNUezpig590_v84yvWqKLtYGBe8AcqB2tg&amp;oh=00_Af6HPyUFnI-nX2XClepB0nRze3ftOXVjFJZVbZbD6ncosw&amp;oe=69FA7CF4&quot;,&quot;150&quot;:&quot;https:\\\/\\\/scontent-fra5-2.cdninstagram.com\\\/v\\\/t51.82787-15\\\/681550303_17884408608512941_9108123890452901913_n.jpg?stp=dst-jpg_e35_tt6&amp;_nc_cat=106&amp;ccb=7-5&amp;_nc_sid=18de74&amp;efg=eyJlZmdfdGFnIjoiQ0FST1VTRUxfSVRFTS5iZXN0X2ltYWdlX3VybGdlbi5DMyJ9&amp;_nc_ohc=V0fmKHz4oRUQ7kNvwE4DZ3W&amp;_nc_oc=AdohOKiytcZ_85emuAROEq8F7YwGfsRJ2zm9A-xzqA2cxBQmq7gWOGQyPD3SFuSdLKzgfUeOCNmWYyIpxc8-jNpv&amp;_nc_zt=23&amp;_nc_ht=scontent-fra5-2.cdninstagram.com&amp;edm=ANo9K5cEAAAA&amp;_nc_gid=eXV_CDiCSrSHwL0AnY_R5A&amp;_nc_tpa=Q5bMBQH48683JPtAegEdOb2ew3n4voDbG68G8XaQvW6Y2I-lqNUezpig590_v84yvWqKLtYGBe8AcqB2tg&amp;oh=00_Af6HPyUFnI-nX2XClepB0nRze3ftOXVjFJZVbZbD6ncosw&amp;oe=69FA7CF4&quot;,&quot;320&quot;:&quot;https:\\\/\\\/scontent-fra5-2.cdninstagram.com\\\/v\\\/t51.82787-15\\\/681550303_17884408608512941_9108123890452901913_n.jpg?stp=dst-jpg_e35_tt6&amp;_nc_cat=106&amp;ccb=7-5&amp;_nc_sid=18de74&amp;efg=eyJlZmdfdGFnIjoiQ0FST1VTRUxfSVRFTS5iZXN0X2ltYWdlX3VybGdlbi5DMyJ9&amp;_nc_ohc=V0fmKHz4oRUQ7kNvwE4DZ3W&amp;_nc_oc=AdohOKiytcZ_85emuAROEq8F7YwGfsRJ2zm9A-xzqA2cxBQmq7gWOGQyPD3SFuSdLKzgfUeOCNmWYyIpxc8-jNpv&amp;_nc_zt=23&amp;_nc_ht=scontent-fra5-2.cdninstagram.com&amp;edm=ANo9K5cEAAAA&amp;_nc_gid=eXV_CDiCSrSHwL0AnY_R5A&amp;_nc_tpa=Q5bMBQH48683JPtAegEdOb2ew3n4voDbG68G8XaQvW6Y2I-lqNUezpig590_v84yvWqKLtYGBe8AcqB2tg&amp;oh=00_Af6HPyUFnI-nX2XClepB0nRze3ftOXVjFJZVbZbD6ncosw&amp;oe=69FA7CF4&quot;,&quot;640&quot;:&quot;https:\\\/\\\/scontent-fra5-2.cdninstagram.com\\\/v\\\/t51.82787-15\\\/681550303_17884408608512941_9108123890452901913_n.jpg?stp=dst-jpg_e35_tt6&amp;_nc_cat=106&amp;ccb=7-5&amp;_nc_sid=18de74&amp;efg=eyJlZmdfdGFnIjoiQ0FST1VTRUxfSVRFTS5iZXN0X2ltYWdlX3VybGdlbi5DMyJ9&amp;_nc_ohc=V0fmKHz4oRUQ7kNvwE4DZ3W&amp;_nc_oc=AdohOKiytcZ_85emuAROEq8F7YwGfsRJ2zm9A-xzqA2cxBQmq7gWOGQyPD3SFuSdLKzgfUeOCNmWYyIpxc8-jNpv&amp;_nc_zt=23&amp;_nc_ht=scontent-fra5-2.cdninstagram.com&amp;edm=ANo9K5cEAAAA&amp;_nc_gid=eXV_CDiCSrSHwL0AnY_R5A&amp;_nc_tpa=Q5bMBQH48683JPtAegEdOb2ew3n4voDbG68G8XaQvW6Y2I-lqNUezpig590_v84yvWqKLtYGBe8AcqB2tg&amp;oh=00_Af6HPyUFnI-nX2XClepB0nRze3ftOXVjFJZVbZbD6ncosw&amp;oe=69FA7CF4&quot;}\">\n\t\t\t<span class=\"sbi-screenreader\">Ein besonderer Auftakt zum Bochumer Maiabendfest: <\/span>\n\t\t\t<svg class=\"svg-inline--fa fa-clone fa-w-16 sbi_lightbox_carousel_icon\" aria-hidden=\"true\" aria-label=\"Clone\" data-fa-pro\u0192cessed=\"\" data-prefix=\"far\" data-icon=\"clone\" role=\"img\" xmlns=\"http:\/\/www.w3.org\/2000\/svg\" viewBox=\"0 0 512 512\">\n                    <path fill=\"currentColor\" d=\"M464 0H144c-26.51 0-48 21.49-48 48v48H48c-26.51 0-48 21.49-48 48v320c0 26.51 21.49 48 48 48h320c26.51 0 48-21.49 48-48v-48h48c26.51 0 48-21.49 48-48V48c0-26.51-21.49-48-48-48zM362 464H54a6 6 0 0 1-6-6V150a6 6 0 0 1 6-6h42v224c0 26.51 21.49 48 48 48h224v42a6 6 0 0 1-6 6zm96-96H150a6 6 0 0 1-6-6V54a6 6 0 0 1 6-6h308a6 6 0 0 1 6 6v308a6 6 0 0 1-6 6z\"><\/path>\n                <\/svg>\t\t\t\t\t\t<img decoding=\"async\" src=\"https:\/\/andreasbracke.de\/wp-content\/plugins\/instagram-feed\/img\/placeholder.png\" alt=\"Ein besonderer Auftakt zum Bochumer Maiabendfest: Am Donnerstagabend durfte ich auf dem Bierwagen mit dabei sein und diese sch\u00f6ne Bochumer Tradition mitten in der Stadt erleben. \ud83c\udf7b\ud83c\udf33\nDanke an die Bochumer Maiabendgesellschaft, die Fiege-Brauerei und alle, die dieses Fest jedes Jahr mit so viel Einsatz m\u00f6glich machen.\nGl\u00fcck auf und ein sch\u00f6nes Maiabendfest!\" aria-hidden=\"true\">\n\t\t<\/a>\n\t<\/div>\n<\/div><div class=\"sbi_item sbi_type_carousel sbi_new sbi_transition\"\n\tid=\"sbi_18079395380400067\" data-date=\"1777033848\">\n\t<div class=\"sbi_photo_wrap\">\n\t\t<a class=\"sbi_photo\" href=\"https:\/\/www.instagram.com\/p\/DXg7UelDLeq\/\" target=\"_blank\" rel=\"noopener nofollow\"\n\t\t\tdata-full-res=\"https:\/\/scontent-fra3-1.cdninstagram.com\/v\/t51.82787-15\/659569248_17884400976512941_2545994391285242843_n.jpg?stp=dst-jpg_e35_tt6&#038;_nc_cat=103&#038;ccb=7-5&#038;_nc_sid=18de74&#038;efg=eyJlZmdfdGFnIjoiQ0FST1VTRUxfSVRFTS5iZXN0X2ltYWdlX3VybGdlbi5DMyJ9&#038;_nc_ohc=zRovsv564OwQ7kNvwGf0IoZ&#038;_nc_oc=AdoMikTW9Z3xKYtDZPgT3zYvorridHW4dPAYDTg_RAeBbBkONB6v-ykiIddWaq034cn6lPG9XTZFNBYTkCuy-Ot5&#038;_nc_zt=23&#038;_nc_ht=scontent-fra3-1.cdninstagram.com&#038;edm=ANo9K5cEAAAA&#038;_nc_gid=eXV_CDiCSrSHwL0AnY_R5A&#038;_nc_tpa=Q5bMBQG0MDgOZmjUFEa_QuRjEXVAIn9YD8VEMeFbozo31-7x8gg4lfdx2Cx56qUAJKZaRPY97jDPKU1tXw&#038;oh=00_Af5Wln-OWvTSgDhxCZuTuuEIGpLr0KQ6_wvj_NE_j7aNYQ&#038;oe=69FA6146\"\n\t\t\tdata-img-src-set=\"{&quot;d&quot;:&quot;https:\\\/\\\/scontent-fra3-1.cdninstagram.com\\\/v\\\/t51.82787-15\\\/659569248_17884400976512941_2545994391285242843_n.jpg?stp=dst-jpg_e35_tt6&amp;_nc_cat=103&amp;ccb=7-5&amp;_nc_sid=18de74&amp;efg=eyJlZmdfdGFnIjoiQ0FST1VTRUxfSVRFTS5iZXN0X2ltYWdlX3VybGdlbi5DMyJ9&amp;_nc_ohc=zRovsv564OwQ7kNvwGf0IoZ&amp;_nc_oc=AdoMikTW9Z3xKYtDZPgT3zYvorridHW4dPAYDTg_RAeBbBkONB6v-ykiIddWaq034cn6lPG9XTZFNBYTkCuy-Ot5&amp;_nc_zt=23&amp;_nc_ht=scontent-fra3-1.cdninstagram.com&amp;edm=ANo9K5cEAAAA&amp;_nc_gid=eXV_CDiCSrSHwL0AnY_R5A&amp;_nc_tpa=Q5bMBQG0MDgOZmjUFEa_QuRjEXVAIn9YD8VEMeFbozo31-7x8gg4lfdx2Cx56qUAJKZaRPY97jDPKU1tXw&amp;oh=00_Af5Wln-OWvTSgDhxCZuTuuEIGpLr0KQ6_wvj_NE_j7aNYQ&amp;oe=69FA6146&quot;,&quot;150&quot;:&quot;https:\\\/\\\/scontent-fra3-1.cdninstagram.com\\\/v\\\/t51.82787-15\\\/659569248_17884400976512941_2545994391285242843_n.jpg?stp=dst-jpg_e35_tt6&amp;_nc_cat=103&amp;ccb=7-5&amp;_nc_sid=18de74&amp;efg=eyJlZmdfdGFnIjoiQ0FST1VTRUxfSVRFTS5iZXN0X2ltYWdlX3VybGdlbi5DMyJ9&amp;_nc_ohc=zRovsv564OwQ7kNvwGf0IoZ&amp;_nc_oc=AdoMikTW9Z3xKYtDZPgT3zYvorridHW4dPAYDTg_RAeBbBkONB6v-ykiIddWaq034cn6lPG9XTZFNBYTkCuy-Ot5&amp;_nc_zt=23&amp;_nc_ht=scontent-fra3-1.cdninstagram.com&amp;edm=ANo9K5cEAAAA&amp;_nc_gid=eXV_CDiCSrSHwL0AnY_R5A&amp;_nc_tpa=Q5bMBQG0MDgOZmjUFEa_QuRjEXVAIn9YD8VEMeFbozo31-7x8gg4lfdx2Cx56qUAJKZaRPY97jDPKU1tXw&amp;oh=00_Af5Wln-OWvTSgDhxCZuTuuEIGpLr0KQ6_wvj_NE_j7aNYQ&amp;oe=69FA6146&quot;,&quot;320&quot;:&quot;https:\\\/\\\/scontent-fra3-1.cdninstagram.com\\\/v\\\/t51.82787-15\\\/659569248_17884400976512941_2545994391285242843_n.jpg?stp=dst-jpg_e35_tt6&amp;_nc_cat=103&amp;ccb=7-5&amp;_nc_sid=18de74&amp;efg=eyJlZmdfdGFnIjoiQ0FST1VTRUxfSVRFTS5iZXN0X2ltYWdlX3VybGdlbi5DMyJ9&amp;_nc_ohc=zRovsv564OwQ7kNvwGf0IoZ&amp;_nc_oc=AdoMikTW9Z3xKYtDZPgT3zYvorridHW4dPAYDTg_RAeBbBkONB6v-ykiIddWaq034cn6lPG9XTZFNBYTkCuy-Ot5&amp;_nc_zt=23&amp;_nc_ht=scontent-fra3-1.cdninstagram.com&amp;edm=ANo9K5cEAAAA&amp;_nc_gid=eXV_CDiCSrSHwL0AnY_R5A&amp;_nc_tpa=Q5bMBQG0MDgOZmjUFEa_QuRjEXVAIn9YD8VEMeFbozo31-7x8gg4lfdx2Cx56qUAJKZaRPY97jDPKU1tXw&amp;oh=00_Af5Wln-OWvTSgDhxCZuTuuEIGpLr0KQ6_wvj_NE_j7aNYQ&amp;oe=69FA6146&quot;,&quot;640&quot;:&quot;https:\\\/\\\/scontent-fra3-1.cdninstagram.com\\\/v\\\/t51.82787-15\\\/659569248_17884400976512941_2545994391285242843_n.jpg?stp=dst-jpg_e35_tt6&amp;_nc_cat=103&amp;ccb=7-5&amp;_nc_sid=18de74&amp;efg=eyJlZmdfdGFnIjoiQ0FST1VTRUxfSVRFTS5iZXN0X2ltYWdlX3VybGdlbi5DMyJ9&amp;_nc_ohc=zRovsv564OwQ7kNvwGf0IoZ&amp;_nc_oc=AdoMikTW9Z3xKYtDZPgT3zYvorridHW4dPAYDTg_RAeBbBkONB6v-ykiIddWaq034cn6lPG9XTZFNBYTkCuy-Ot5&amp;_nc_zt=23&amp;_nc_ht=scontent-fra3-1.cdninstagram.com&amp;edm=ANo9K5cEAAAA&amp;_nc_gid=eXV_CDiCSrSHwL0AnY_R5A&amp;_nc_tpa=Q5bMBQG0MDgOZmjUFEa_QuRjEXVAIn9YD8VEMeFbozo31-7x8gg4lfdx2Cx56qUAJKZaRPY97jDPKU1tXw&amp;oh=00_Af5Wln-OWvTSgDhxCZuTuuEIGpLr0KQ6_wvj_NE_j7aNYQ&amp;oe=69FA6146&quot;}\">\n\t\t\t<span class=\"sbi-screenreader\">50 Jahre Krisenhilfe e. V. Bochum \u2013 was f\u00fcr ein wi<\/span>\n\t\t\t<svg class=\"svg-inline--fa fa-clone fa-w-16 sbi_lightbox_carousel_icon\" aria-hidden=\"true\" aria-label=\"Clone\" data-fa-pro\u0192cessed=\"\" data-prefix=\"far\" data-icon=\"clone\" role=\"img\" xmlns=\"http:\/\/www.w3.org\/2000\/svg\" viewBox=\"0 0 512 512\">\n                    <path fill=\"currentColor\" d=\"M464 0H144c-26.51 0-48 21.49-48 48v48H48c-26.51 0-48 21.49-48 48v320c0 26.51 21.49 48 48 48h320c26.51 0 48-21.49 48-48v-48h48c26.51 0 48-21.49 48-48V48c0-26.51-21.49-48-48-48zM362 464H54a6 6 0 0 1-6-6V150a6 6 0 0 1 6-6h42v224c0 26.51 21.49 48 48 48h224v42a6 6 0 0 1-6 6zm96-96H150a6 6 0 0 1-6-6V54a6 6 0 0 1 6-6h308a6 6 0 0 1 6 6v308a6 6 0 0 1-6 6z\"><\/path>\n                <\/svg>\t\t\t\t\t\t<img decoding=\"async\" src=\"https:\/\/andreasbracke.de\/wp-content\/plugins\/instagram-feed\/img\/placeholder.png\" alt=\"50 Jahre Krisenhilfe e. V. Bochum \u2013 was f\u00fcr ein wichtiges Jubil\u00e4um.\nDer interne Auftakt an der Katharinastra\u00dfe hat einmal mehr gezeigt, wie viel Herzblut, Engagement und Menschlichkeit hinter dieser Arbeit stehen.\nDanke an alle Mitarbeitenden und Vereinsmitglieder, die sich Tag f\u00fcr Tag f\u00fcr Menschen in schwierigen Lebenslagen einsetzen. Diese Arbeit verdient gro\u00dfen Respekt und starke Unterst\u00fctzung.\nHerzlichen Gl\u00fcckwunsch zum Jubil\u00e4um \u2013 und alles Gute f\u00fcr das weitere Jubil\u00e4umsjahr!\n#Bochum #KrisenhilfeBochum #50JahreKrisenhilfe #Engagement #Zusammenhalt Menschlichkeit SozialesBochum AndreasBracke\" aria-hidden=\"true\">\n\t\t<\/a>\n\t<\/div>\n<\/div><div class=\"sbi_item sbi_type_video sbi_new sbi_transition\"\n\tid=\"sbi_17938357788039799\" data-date=\"1776695659\">\n\t<div class=\"sbi_photo_wrap\">\n\t\t<a class=\"sbi_photo\" href=\"https:\/\/www.instagram.com\/reel\/DXW2JxRjFba\/\" target=\"_blank\" rel=\"noopener nofollow\"\n\t\t\tdata-full-res=\"https:\/\/scontent-fra3-1.cdninstagram.com\/v\/t51.71878-15\/671214470_1318662580359882_8665943639875440134_n.jpg?stp=dst-jpg_e35_tt6&#038;_nc_cat=103&#038;ccb=7-5&#038;_nc_sid=18de74&#038;efg=eyJlZmdfdGFnIjoiQ0xJUFMuYmVzdF9pbWFnZV91cmxnZW4uQzMifQ%3D%3D&#038;_nc_ohc=u1ESqtAu11gQ7kNvwEOK2qk&#038;_nc_oc=AdqvJq84hV38hBpzAJtC0RGx80rFv1dhMmc255wEP8YB1nFS3MkNrO1e0a68O9l3V3_opEBAa02TsqAlcl1vYTuC&#038;_nc_zt=23&#038;_nc_ht=scontent-fra3-1.cdninstagram.com&#038;edm=ANo9K5cEAAAA&#038;_nc_gid=eXV_CDiCSrSHwL0AnY_R5A&#038;_nc_tpa=Q5bMBQG9oaLIvJ7Tsd5Voalyx4rV5hGkFHKZZnL2J3ldNZcv685PBoa3TfzYp0v_4nNB6-lPzNEvfQ4xLA&#038;oh=00_Af7x_2EhGP_0pg2Vbzk8ptdBvfGeEcpjNZhQRKNNZkhTag&#038;oe=69FA6349\"\n\t\t\tdata-img-src-set=\"{&quot;d&quot;:&quot;https:\\\/\\\/scontent-fra3-1.cdninstagram.com\\\/v\\\/t51.71878-15\\\/671214470_1318662580359882_8665943639875440134_n.jpg?stp=dst-jpg_e35_tt6&amp;_nc_cat=103&amp;ccb=7-5&amp;_nc_sid=18de74&amp;efg=eyJlZmdfdGFnIjoiQ0xJUFMuYmVzdF9pbWFnZV91cmxnZW4uQzMifQ%3D%3D&amp;_nc_ohc=u1ESqtAu11gQ7kNvwEOK2qk&amp;_nc_oc=AdqvJq84hV38hBpzAJtC0RGx80rFv1dhMmc255wEP8YB1nFS3MkNrO1e0a68O9l3V3_opEBAa02TsqAlcl1vYTuC&amp;_nc_zt=23&amp;_nc_ht=scontent-fra3-1.cdninstagram.com&amp;edm=ANo9K5cEAAAA&amp;_nc_gid=eXV_CDiCSrSHwL0AnY_R5A&amp;_nc_tpa=Q5bMBQG9oaLIvJ7Tsd5Voalyx4rV5hGkFHKZZnL2J3ldNZcv685PBoa3TfzYp0v_4nNB6-lPzNEvfQ4xLA&amp;oh=00_Af7x_2EhGP_0pg2Vbzk8ptdBvfGeEcpjNZhQRKNNZkhTag&amp;oe=69FA6349&quot;,&quot;150&quot;:&quot;https:\\\/\\\/scontent-fra3-1.cdninstagram.com\\\/v\\\/t51.71878-15\\\/671214470_1318662580359882_8665943639875440134_n.jpg?stp=dst-jpg_e35_tt6&amp;_nc_cat=103&amp;ccb=7-5&amp;_nc_sid=18de74&amp;efg=eyJlZmdfdGFnIjoiQ0xJUFMuYmVzdF9pbWFnZV91cmxnZW4uQzMifQ%3D%3D&amp;_nc_ohc=u1ESqtAu11gQ7kNvwEOK2qk&amp;_nc_oc=AdqvJq84hV38hBpzAJtC0RGx80rFv1dhMmc255wEP8YB1nFS3MkNrO1e0a68O9l3V3_opEBAa02TsqAlcl1vYTuC&amp;_nc_zt=23&amp;_nc_ht=scontent-fra3-1.cdninstagram.com&amp;edm=ANo9K5cEAAAA&amp;_nc_gid=eXV_CDiCSrSHwL0AnY_R5A&amp;_nc_tpa=Q5bMBQG9oaLIvJ7Tsd5Voalyx4rV5hGkFHKZZnL2J3ldNZcv685PBoa3TfzYp0v_4nNB6-lPzNEvfQ4xLA&amp;oh=00_Af7x_2EhGP_0pg2Vbzk8ptdBvfGeEcpjNZhQRKNNZkhTag&amp;oe=69FA6349&quot;,&quot;320&quot;:&quot;https:\\\/\\\/scontent-fra3-1.cdninstagram.com\\\/v\\\/t51.71878-15\\\/671214470_1318662580359882_8665943639875440134_n.jpg?stp=dst-jpg_e35_tt6&amp;_nc_cat=103&amp;ccb=7-5&amp;_nc_sid=18de74&amp;efg=eyJlZmdfdGFnIjoiQ0xJUFMuYmVzdF9pbWFnZV91cmxnZW4uQzMifQ%3D%3D&amp;_nc_ohc=u1ESqtAu11gQ7kNvwEOK2qk&amp;_nc_oc=AdqvJq84hV38hBpzAJtC0RGx80rFv1dhMmc255wEP8YB1nFS3MkNrO1e0a68O9l3V3_opEBAa02TsqAlcl1vYTuC&amp;_nc_zt=23&amp;_nc_ht=scontent-fra3-1.cdninstagram.com&amp;edm=ANo9K5cEAAAA&amp;_nc_gid=eXV_CDiCSrSHwL0AnY_R5A&amp;_nc_tpa=Q5bMBQG9oaLIvJ7Tsd5Voalyx4rV5hGkFHKZZnL2J3ldNZcv685PBoa3TfzYp0v_4nNB6-lPzNEvfQ4xLA&amp;oh=00_Af7x_2EhGP_0pg2Vbzk8ptdBvfGeEcpjNZhQRKNNZkhTag&amp;oe=69FA6349&quot;,&quot;640&quot;:&quot;https:\\\/\\\/scontent-fra3-1.cdninstagram.com\\\/v\\\/t51.71878-15\\\/671214470_1318662580359882_8665943639875440134_n.jpg?stp=dst-jpg_e35_tt6&amp;_nc_cat=103&amp;ccb=7-5&amp;_nc_sid=18de74&amp;efg=eyJlZmdfdGFnIjoiQ0xJUFMuYmVzdF9pbWFnZV91cmxnZW4uQzMifQ%3D%3D&amp;_nc_ohc=u1ESqtAu11gQ7kNvwEOK2qk&amp;_nc_oc=AdqvJq84hV38hBpzAJtC0RGx80rFv1dhMmc255wEP8YB1nFS3MkNrO1e0a68O9l3V3_opEBAa02TsqAlcl1vYTuC&amp;_nc_zt=23&amp;_nc_ht=scontent-fra3-1.cdninstagram.com&amp;edm=ANo9K5cEAAAA&amp;_nc_gid=eXV_CDiCSrSHwL0AnY_R5A&amp;_nc_tpa=Q5bMBQG9oaLIvJ7Tsd5Voalyx4rV5hGkFHKZZnL2J3ldNZcv685PBoa3TfzYp0v_4nNB6-lPzNEvfQ4xLA&amp;oh=00_Af7x_2EhGP_0pg2Vbzk8ptdBvfGeEcpjNZhQRKNNZkhTag&amp;oe=69FA6349&quot;}\">\n\t\t\t<span class=\"sbi-screenreader\">Lassen Sie uns gemeinsam in das Bochumer Maiabendf<\/span>\n\t\t\t\t\t\t<svg style=\"color: rgba(255,255,255,1)\" class=\"svg-inline--fa fa-play fa-w-14 sbi_playbtn\" aria-label=\"Play\" aria-hidden=\"true\" data-fa-processed=\"\" data-prefix=\"fa\" data-icon=\"play\" role=\"presentation\" xmlns=\"http:\/\/www.w3.org\/2000\/svg\" viewBox=\"0 0 448 512\"><path fill=\"currentColor\" d=\"M424.4 214.7L72.4 6.6C43.8-10.3 0 6.1 0 47.9V464c0 37.5 40.7 60.1 72.4 41.3l352-208c31.4-18.5 31.5-64.1 0-82.6z\"><\/path><\/svg>\t\t\t<img decoding=\"async\" src=\"https:\/\/andreasbracke.de\/wp-content\/plugins\/instagram-feed\/img\/placeholder.png\" alt=\"Lassen Sie uns gemeinsam in das Bochumer Maiabendfest starten:\nWir laden herzlich ein zum Gro\u00dfen Zapfenstreich am Donnerstag, 23.04., ab ca. 20:30 Uhr in der Bochumer Innenstadt.\nKommen Sie gerne dazu, seien Sie Teil dieses besonderen Brauchtumsabends und freuen Sie sich mit uns auf gute Begegnungen und ein gem\u00fctliches Beisammensein beim Maiabendfest.\n#Bochum #Maiabendfest #Gro\u00dferZapfenstreich #Brauchtum #Zusammenhalt\" aria-hidden=\"true\">\n\t\t<\/a>\n\t<\/div>\n<\/div><div class=\"sbi_item sbi_type_video sbi_new sbi_transition\"\n\tid=\"sbi_17861018766625427\" data-date=\"1776684983\">\n\t<div class=\"sbi_photo_wrap\">\n\t\t<a class=\"sbi_photo\" href=\"https:\/\/www.instagram.com\/reel\/DXWh4IyDBod\/\" target=\"_blank\" rel=\"noopener nofollow\"\n\t\t\tdata-full-res=\"https:\/\/scontent-fra5-1.cdninstagram.com\/v\/t51.71878-15\/674390243_1639964367307334_6252986606482640610_n.jpg?stp=dst-jpg_e35_tt6&#038;_nc_cat=100&#038;ccb=7-5&#038;_nc_sid=18de74&#038;efg=eyJlZmdfdGFnIjoiQ0xJUFMuYmVzdF9pbWFnZV91cmxnZW4uQzMifQ%3D%3D&#038;_nc_ohc=sCw_-ZucjeAQ7kNvwEFRanX&#038;_nc_oc=Adp-0olBX5GdtXWlOoGkymNAq2k4pny_-55wBbnprI7UxiNTMoFm0yJ81hXYUSrzwwmyZrlX4tbuWRRUV0Pdhk5Z&#038;_nc_zt=23&#038;_nc_ht=scontent-fra5-1.cdninstagram.com&#038;edm=ANo9K5cEAAAA&#038;_nc_gid=eXV_CDiCSrSHwL0AnY_R5A&#038;_nc_tpa=Q5bMBQEX7cAyjXeuC8QG4rndpyTwoy0rDpwUf0q9OtiPvjTx17wOqrPqpeZJ72hxwUhXXFuoLoZiZHIYEw&#038;oh=00_Af4zVLBYuMiATEe98mrgn3B-ykHSK5ErHM7uJxnYH3kgcA&#038;oe=69FA6626\"\n\t\t\tdata-img-src-set=\"{&quot;d&quot;:&quot;https:\\\/\\\/scontent-fra5-1.cdninstagram.com\\\/v\\\/t51.71878-15\\\/674390243_1639964367307334_6252986606482640610_n.jpg?stp=dst-jpg_e35_tt6&amp;_nc_cat=100&amp;ccb=7-5&amp;_nc_sid=18de74&amp;efg=eyJlZmdfdGFnIjoiQ0xJUFMuYmVzdF9pbWFnZV91cmxnZW4uQzMifQ%3D%3D&amp;_nc_ohc=sCw_-ZucjeAQ7kNvwEFRanX&amp;_nc_oc=Adp-0olBX5GdtXWlOoGkymNAq2k4pny_-55wBbnprI7UxiNTMoFm0yJ81hXYUSrzwwmyZrlX4tbuWRRUV0Pdhk5Z&amp;_nc_zt=23&amp;_nc_ht=scontent-fra5-1.cdninstagram.com&amp;edm=ANo9K5cEAAAA&amp;_nc_gid=eXV_CDiCSrSHwL0AnY_R5A&amp;_nc_tpa=Q5bMBQEX7cAyjXeuC8QG4rndpyTwoy0rDpwUf0q9OtiPvjTx17wOqrPqpeZJ72hxwUhXXFuoLoZiZHIYEw&amp;oh=00_Af4zVLBYuMiATEe98mrgn3B-ykHSK5ErHM7uJxnYH3kgcA&amp;oe=69FA6626&quot;,&quot;150&quot;:&quot;https:\\\/\\\/scontent-fra5-1.cdninstagram.com\\\/v\\\/t51.71878-15\\\/674390243_1639964367307334_6252986606482640610_n.jpg?stp=dst-jpg_e35_tt6&amp;_nc_cat=100&amp;ccb=7-5&amp;_nc_sid=18de74&amp;efg=eyJlZmdfdGFnIjoiQ0xJUFMuYmVzdF9pbWFnZV91cmxnZW4uQzMifQ%3D%3D&amp;_nc_ohc=sCw_-ZucjeAQ7kNvwEFRanX&amp;_nc_oc=Adp-0olBX5GdtXWlOoGkymNAq2k4pny_-55wBbnprI7UxiNTMoFm0yJ81hXYUSrzwwmyZrlX4tbuWRRUV0Pdhk5Z&amp;_nc_zt=23&amp;_nc_ht=scontent-fra5-1.cdninstagram.com&amp;edm=ANo9K5cEAAAA&amp;_nc_gid=eXV_CDiCSrSHwL0AnY_R5A&amp;_nc_tpa=Q5bMBQEX7cAyjXeuC8QG4rndpyTwoy0rDpwUf0q9OtiPvjTx17wOqrPqpeZJ72hxwUhXXFuoLoZiZHIYEw&amp;oh=00_Af4zVLBYuMiATEe98mrgn3B-ykHSK5ErHM7uJxnYH3kgcA&amp;oe=69FA6626&quot;,&quot;320&quot;:&quot;https:\\\/\\\/scontent-fra5-1.cdninstagram.com\\\/v\\\/t51.71878-15\\\/674390243_1639964367307334_6252986606482640610_n.jpg?stp=dst-jpg_e35_tt6&amp;_nc_cat=100&amp;ccb=7-5&amp;_nc_sid=18de74&amp;efg=eyJlZmdfdGFnIjoiQ0xJUFMuYmVzdF9pbWFnZV91cmxnZW4uQzMifQ%3D%3D&amp;_nc_ohc=sCw_-ZucjeAQ7kNvwEFRanX&amp;_nc_oc=Adp-0olBX5GdtXWlOoGkymNAq2k4pny_-55wBbnprI7UxiNTMoFm0yJ81hXYUSrzwwmyZrlX4tbuWRRUV0Pdhk5Z&amp;_nc_zt=23&amp;_nc_ht=scontent-fra5-1.cdninstagram.com&amp;edm=ANo9K5cEAAAA&amp;_nc_gid=eXV_CDiCSrSHwL0AnY_R5A&amp;_nc_tpa=Q5bMBQEX7cAyjXeuC8QG4rndpyTwoy0rDpwUf0q9OtiPvjTx17wOqrPqpeZJ72hxwUhXXFuoLoZiZHIYEw&amp;oh=00_Af4zVLBYuMiATEe98mrgn3B-ykHSK5ErHM7uJxnYH3kgcA&amp;oe=69FA6626&quot;,&quot;640&quot;:&quot;https:\\\/\\\/scontent-fra5-1.cdninstagram.com\\\/v\\\/t51.71878-15\\\/674390243_1639964367307334_6252986606482640610_n.jpg?stp=dst-jpg_e35_tt6&amp;_nc_cat=100&amp;ccb=7-5&amp;_nc_sid=18de74&amp;efg=eyJlZmdfdGFnIjoiQ0xJUFMuYmVzdF9pbWFnZV91cmxnZW4uQzMifQ%3D%3D&amp;_nc_ohc=sCw_-ZucjeAQ7kNvwEFRanX&amp;_nc_oc=Adp-0olBX5GdtXWlOoGkymNAq2k4pny_-55wBbnprI7UxiNTMoFm0yJ81hXYUSrzwwmyZrlX4tbuWRRUV0Pdhk5Z&amp;_nc_zt=23&amp;_nc_ht=scontent-fra5-1.cdninstagram.com&amp;edm=ANo9K5cEAAAA&amp;_nc_gid=eXV_CDiCSrSHwL0AnY_R5A&amp;_nc_tpa=Q5bMBQEX7cAyjXeuC8QG4rndpyTwoy0rDpwUf0q9OtiPvjTx17wOqrPqpeZJ72hxwUhXXFuoLoZiZHIYEw&amp;oh=00_Af4zVLBYuMiATEe98mrgn3B-ykHSK5ErHM7uJxnYH3kgcA&amp;oe=69FA6626&quot;}\">\n\t\t\t<span class=\"sbi-screenreader\">Dieses Ergebnis zeigt: Unsere Stadt hat den Mut, g<\/span>\n\t\t\t\t\t\t<svg style=\"color: rgba(255,255,255,1)\" class=\"svg-inline--fa fa-play fa-w-14 sbi_playbtn\" aria-label=\"Play\" aria-hidden=\"true\" data-fa-processed=\"\" data-prefix=\"fa\" data-icon=\"play\" role=\"presentation\" xmlns=\"http:\/\/www.w3.org\/2000\/svg\" viewBox=\"0 0 448 512\"><path fill=\"currentColor\" d=\"M424.4 214.7L72.4 6.6C43.8-10.3 0 6.1 0 47.9V464c0 37.5 40.7 60.1 72.4 41.3l352-208c31.4-18.5 31.5-64.1 0-82.6z\"><\/path><\/svg>\t\t\t<img decoding=\"async\" src=\"https:\/\/andreasbracke.de\/wp-content\/plugins\/instagram-feed\/img\/placeholder.png\" alt=\"Dieses Ergebnis zeigt: Unsere Stadt hat den Mut, gro\u00dfe Chancen zu ergreifen und Teil eines internationalen Sportereignisses zu werden. Olympia kann neue Impulse f\u00fcr Infrastruktur, Wirtschaft und den Zusammenhalt in unserer Region schaffen.\n\nJetzt gilt es, diesen R\u00fcckenwind mitzunehmen und die Bewerbung der Region Rhein-Ruhr weiter voranzubringen.\n\n#Bochum #Olympia #RheinRuhr #B\u00fcrgerentscheid #ZukunftGestalten\" aria-hidden=\"true\">\n\t\t<\/a>\n\t<\/div>\n<\/div><div class=\"sbi_item sbi_type_carousel sbi_new sbi_transition\"\n\tid=\"sbi_18318529849257407\" data-date=\"1776586568\">\n\t<div class=\"sbi_photo_wrap\">\n\t\t<a class=\"sbi_photo\" href=\"https:\/\/www.instagram.com\/p\/DXTmM0gABac\/\" target=\"_blank\" rel=\"noopener nofollow\"\n\t\t\tdata-full-res=\"https:\/\/scontent-fra3-1.cdninstagram.com\/v\/t51.82787-15\/670914327_17883601740512941_9020240931474422166_n.jpg?stp=dst-jpg_e35_tt6&#038;_nc_cat=108&#038;ccb=7-5&#038;_nc_sid=18de74&#038;efg=eyJlZmdfdGFnIjoiQ0FST1VTRUxfSVRFTS5iZXN0X2ltYWdlX3VybGdlbi5DMyJ9&#038;_nc_ohc=zNK3irs6MhAQ7kNvwGoyZi_&#038;_nc_oc=Adr3lsUHgumHkfj03uRSKkdhNXCtDVdVqxG8WeWQFezjCRA8WfBEHrZD6f5b8worVrgK2EvpYb0oZ8tw8SFJGGy-&#038;_nc_zt=23&#038;_nc_ht=scontent-fra3-1.cdninstagram.com&#038;edm=ANo9K5cEAAAA&#038;_nc_gid=eXV_CDiCSrSHwL0AnY_R5A&#038;_nc_tpa=Q5bMBQEw3-9E6qBJRZLHtkyXOchOgtt9VwSZ4MsaLiA_fLeYGH4kQ9kImt8rpCE_bwstvtErRkLrasJ75g&#038;oh=00_Af5YK6STl9mYsWXwu8T4VRNxfyK5DMEqpfxlg7-ijvyz_A&#038;oe=69FA7DA1\"\n\t\t\tdata-img-src-set=\"{&quot;d&quot;:&quot;https:\\\/\\\/scontent-fra3-1.cdninstagram.com\\\/v\\\/t51.82787-15\\\/670914327_17883601740512941_9020240931474422166_n.jpg?stp=dst-jpg_e35_tt6&amp;_nc_cat=108&amp;ccb=7-5&amp;_nc_sid=18de74&amp;efg=eyJlZmdfdGFnIjoiQ0FST1VTRUxfSVRFTS5iZXN0X2ltYWdlX3VybGdlbi5DMyJ9&amp;_nc_ohc=zNK3irs6MhAQ7kNvwGoyZi_&amp;_nc_oc=Adr3lsUHgumHkfj03uRSKkdhNXCtDVdVqxG8WeWQFezjCRA8WfBEHrZD6f5b8worVrgK2EvpYb0oZ8tw8SFJGGy-&amp;_nc_zt=23&amp;_nc_ht=scontent-fra3-1.cdninstagram.com&amp;edm=ANo9K5cEAAAA&amp;_nc_gid=eXV_CDiCSrSHwL0AnY_R5A&amp;_nc_tpa=Q5bMBQEw3-9E6qBJRZLHtkyXOchOgtt9VwSZ4MsaLiA_fLeYGH4kQ9kImt8rpCE_bwstvtErRkLrasJ75g&amp;oh=00_Af5YK6STl9mYsWXwu8T4VRNxfyK5DMEqpfxlg7-ijvyz_A&amp;oe=69FA7DA1&quot;,&quot;150&quot;:&quot;https:\\\/\\\/scontent-fra3-1.cdninstagram.com\\\/v\\\/t51.82787-15\\\/670914327_17883601740512941_9020240931474422166_n.jpg?stp=dst-jpg_e35_tt6&amp;_nc_cat=108&amp;ccb=7-5&amp;_nc_sid=18de74&amp;efg=eyJlZmdfdGFnIjoiQ0FST1VTRUxfSVRFTS5iZXN0X2ltYWdlX3VybGdlbi5DMyJ9&amp;_nc_ohc=zNK3irs6MhAQ7kNvwGoyZi_&amp;_nc_oc=Adr3lsUHgumHkfj03uRSKkdhNXCtDVdVqxG8WeWQFezjCRA8WfBEHrZD6f5b8worVrgK2EvpYb0oZ8tw8SFJGGy-&amp;_nc_zt=23&amp;_nc_ht=scontent-fra3-1.cdninstagram.com&amp;edm=ANo9K5cEAAAA&amp;_nc_gid=eXV_CDiCSrSHwL0AnY_R5A&amp;_nc_tpa=Q5bMBQEw3-9E6qBJRZLHtkyXOchOgtt9VwSZ4MsaLiA_fLeYGH4kQ9kImt8rpCE_bwstvtErRkLrasJ75g&amp;oh=00_Af5YK6STl9mYsWXwu8T4VRNxfyK5DMEqpfxlg7-ijvyz_A&amp;oe=69FA7DA1&quot;,&quot;320&quot;:&quot;https:\\\/\\\/scontent-fra3-1.cdninstagram.com\\\/v\\\/t51.82787-15\\\/670914327_17883601740512941_9020240931474422166_n.jpg?stp=dst-jpg_e35_tt6&amp;_nc_cat=108&amp;ccb=7-5&amp;_nc_sid=18de74&amp;efg=eyJlZmdfdGFnIjoiQ0FST1VTRUxfSVRFTS5iZXN0X2ltYWdlX3VybGdlbi5DMyJ9&amp;_nc_ohc=zNK3irs6MhAQ7kNvwGoyZi_&amp;_nc_oc=Adr3lsUHgumHkfj03uRSKkdhNXCtDVdVqxG8WeWQFezjCRA8WfBEHrZD6f5b8worVrgK2EvpYb0oZ8tw8SFJGGy-&amp;_nc_zt=23&amp;_nc_ht=scontent-fra3-1.cdninstagram.com&amp;edm=ANo9K5cEAAAA&amp;_nc_gid=eXV_CDiCSrSHwL0AnY_R5A&amp;_nc_tpa=Q5bMBQEw3-9E6qBJRZLHtkyXOchOgtt9VwSZ4MsaLiA_fLeYGH4kQ9kImt8rpCE_bwstvtErRkLrasJ75g&amp;oh=00_Af5YK6STl9mYsWXwu8T4VRNxfyK5DMEqpfxlg7-ijvyz_A&amp;oe=69FA7DA1&quot;,&quot;640&quot;:&quot;https:\\\/\\\/scontent-fra3-1.cdninstagram.com\\\/v\\\/t51.82787-15\\\/670914327_17883601740512941_9020240931474422166_n.jpg?stp=dst-jpg_e35_tt6&amp;_nc_cat=108&amp;ccb=7-5&amp;_nc_sid=18de74&amp;efg=eyJlZmdfdGFnIjoiQ0FST1VTRUxfSVRFTS5iZXN0X2ltYWdlX3VybGdlbi5DMyJ9&amp;_nc_ohc=zNK3irs6MhAQ7kNvwGoyZi_&amp;_nc_oc=Adr3lsUHgumHkfj03uRSKkdhNXCtDVdVqxG8WeWQFezjCRA8WfBEHrZD6f5b8worVrgK2EvpYb0oZ8tw8SFJGGy-&amp;_nc_zt=23&amp;_nc_ht=scontent-fra3-1.cdninstagram.com&amp;edm=ANo9K5cEAAAA&amp;_nc_gid=eXV_CDiCSrSHwL0AnY_R5A&amp;_nc_tpa=Q5bMBQEw3-9E6qBJRZLHtkyXOchOgtt9VwSZ4MsaLiA_fLeYGH4kQ9kImt8rpCE_bwstvtErRkLrasJ75g&amp;oh=00_Af5YK6STl9mYsWXwu8T4VRNxfyK5DMEqpfxlg7-ijvyz_A&amp;oe=69FA7DA1&quot;}\">\n\t\t\t<span class=\"sbi-screenreader\">Ich gratuliere Martin herzlich zu seinem neuen Amt<\/span>\n\t\t\t<svg class=\"svg-inline--fa fa-clone fa-w-16 sbi_lightbox_carousel_icon\" aria-hidden=\"true\" aria-label=\"Clone\" data-fa-pro\u0192cessed=\"\" data-prefix=\"far\" data-icon=\"clone\" role=\"img\" xmlns=\"http:\/\/www.w3.org\/2000\/svg\" viewBox=\"0 0 512 512\">\n                    <path fill=\"currentColor\" d=\"M464 0H144c-26.51 0-48 21.49-48 48v48H48c-26.51 0-48 21.49-48 48v320c0 26.51 21.49 48 48 48h320c26.51 0 48-21.49 48-48v-48h48c26.51 0 48-21.49 48-48V48c0-26.51-21.49-48-48-48zM362 464H54a6 6 0 0 1-6-6V150a6 6 0 0 1 6-6h42v224c0 26.51 21.49 48 48 48h224v42a6 6 0 0 1-6 6zm96-96H150a6 6 0 0 1-6-6V54a6 6 0 0 1 6-6h308a6 6 0 0 1 6 6v308a6 6 0 0 1-6 6z\"><\/path>\n                <\/svg>\t\t\t\t\t\t<img decoding=\"async\" src=\"https:\/\/andreasbracke.de\/wp-content\/plugins\/instagram-feed\/img\/placeholder.png\" alt=\"Ich gratuliere Martin herzlich zu seinem neuen Amt. Ich freue mich, dass er die engagierte Arbeit seiner verstorbenen Mutter in Zukunft fortsetzen wird.\nGerade angesichts des Krieges in der Ukraine, des Leids vieler Menschen und der Bedeutung f\u00fcr Frieden, Freiheit und unsere eigene Sicherheit ist diese Aufgabe von besonderem Gewicht. Ich w\u00fcnsche Martin daf\u00fcr viel Kraft, Besonnenheit, eine gl\u00fcckliche Hand und alles Gute.\" aria-hidden=\"true\">\n\t\t<\/a>\n\t<\/div>\n<\/div><div class=\"sbi_item sbi_type_carousel sbi_new sbi_transition\"\n\tid=\"sbi_17877197172570641\" data-date=\"1776582698\">\n\t<div class=\"sbi_photo_wrap\">\n\t\t<a class=\"sbi_photo\" href=\"https:\/\/www.instagram.com\/p\/DXTe0fTjJ_Y\/\" target=\"_blank\" rel=\"noopener nofollow\"\n\t\t\tdata-full-res=\"https:\/\/scontent-fra5-1.cdninstagram.com\/v\/t51.82787-15\/671260708_17883594549512941_5783915971497161273_n.jpg?stp=dst-jpg_e35_tt6&#038;_nc_cat=110&#038;ccb=7-5&#038;_nc_sid=18de74&#038;efg=eyJlZmdfdGFnIjoiQ0FST1VTRUxfSVRFTS5iZXN0X2ltYWdlX3VybGdlbi5DMyJ9&#038;_nc_ohc=K1O8mgdhQ3IQ7kNvwH_Ze4x&#038;_nc_oc=AdpgKbOWhq6Ob4gXk5xXeM2pQb4NyRwrtS7cCTIC8l8lA4tM5Hh0jK0nnWm1v0I98MTGHjJa-p6SrCBMv9gmfRf7&#038;_nc_zt=23&#038;_nc_ht=scontent-fra5-1.cdninstagram.com&#038;edm=ANo9K5cEAAAA&#038;_nc_gid=eXV_CDiCSrSHwL0AnY_R5A&#038;_nc_tpa=Q5bMBQE5t9qf0LVtDsYXGW-Gpyyf8Hv8DNXl72uNK7h9aAvEPjedhJY2RIxkk0oMa3aBInTUUL0BtLyuxQ&#038;oh=00_Af6unNQnTXWVMPbORqLIBtRvbw5kyhZ1-Ryl6-Y9EggKMQ&#038;oe=69FA7442\"\n\t\t\tdata-img-src-set=\"{&quot;d&quot;:&quot;https:\\\/\\\/scontent-fra5-1.cdninstagram.com\\\/v\\\/t51.82787-15\\\/671260708_17883594549512941_5783915971497161273_n.jpg?stp=dst-jpg_e35_tt6&amp;_nc_cat=110&amp;ccb=7-5&amp;_nc_sid=18de74&amp;efg=eyJlZmdfdGFnIjoiQ0FST1VTRUxfSVRFTS5iZXN0X2ltYWdlX3VybGdlbi5DMyJ9&amp;_nc_ohc=K1O8mgdhQ3IQ7kNvwH_Ze4x&amp;_nc_oc=AdpgKbOWhq6Ob4gXk5xXeM2pQb4NyRwrtS7cCTIC8l8lA4tM5Hh0jK0nnWm1v0I98MTGHjJa-p6SrCBMv9gmfRf7&amp;_nc_zt=23&amp;_nc_ht=scontent-fra5-1.cdninstagram.com&amp;edm=ANo9K5cEAAAA&amp;_nc_gid=eXV_CDiCSrSHwL0AnY_R5A&amp;_nc_tpa=Q5bMBQE5t9qf0LVtDsYXGW-Gpyyf8Hv8DNXl72uNK7h9aAvEPjedhJY2RIxkk0oMa3aBInTUUL0BtLyuxQ&amp;oh=00_Af6unNQnTXWVMPbORqLIBtRvbw5kyhZ1-Ryl6-Y9EggKMQ&amp;oe=69FA7442&quot;,&quot;150&quot;:&quot;https:\\\/\\\/scontent-fra5-1.cdninstagram.com\\\/v\\\/t51.82787-15\\\/671260708_17883594549512941_5783915971497161273_n.jpg?stp=dst-jpg_e35_tt6&amp;_nc_cat=110&amp;ccb=7-5&amp;_nc_sid=18de74&amp;efg=eyJlZmdfdGFnIjoiQ0FST1VTRUxfSVRFTS5iZXN0X2ltYWdlX3VybGdlbi5DMyJ9&amp;_nc_ohc=K1O8mgdhQ3IQ7kNvwH_Ze4x&amp;_nc_oc=AdpgKbOWhq6Ob4gXk5xXeM2pQb4NyRwrtS7cCTIC8l8lA4tM5Hh0jK0nnWm1v0I98MTGHjJa-p6SrCBMv9gmfRf7&amp;_nc_zt=23&amp;_nc_ht=scontent-fra5-1.cdninstagram.com&amp;edm=ANo9K5cEAAAA&amp;_nc_gid=eXV_CDiCSrSHwL0AnY_R5A&amp;_nc_tpa=Q5bMBQE5t9qf0LVtDsYXGW-Gpyyf8Hv8DNXl72uNK7h9aAvEPjedhJY2RIxkk0oMa3aBInTUUL0BtLyuxQ&amp;oh=00_Af6unNQnTXWVMPbORqLIBtRvbw5kyhZ1-Ryl6-Y9EggKMQ&amp;oe=69FA7442&quot;,&quot;320&quot;:&quot;https:\\\/\\\/scontent-fra5-1.cdninstagram.com\\\/v\\\/t51.82787-15\\\/671260708_17883594549512941_5783915971497161273_n.jpg?stp=dst-jpg_e35_tt6&amp;_nc_cat=110&amp;ccb=7-5&amp;_nc_sid=18de74&amp;efg=eyJlZmdfdGFnIjoiQ0FST1VTRUxfSVRFTS5iZXN0X2ltYWdlX3VybGdlbi5DMyJ9&amp;_nc_ohc=K1O8mgdhQ3IQ7kNvwH_Ze4x&amp;_nc_oc=AdpgKbOWhq6Ob4gXk5xXeM2pQb4NyRwrtS7cCTIC8l8lA4tM5Hh0jK0nnWm1v0I98MTGHjJa-p6SrCBMv9gmfRf7&amp;_nc_zt=23&amp;_nc_ht=scontent-fra5-1.cdninstagram.com&amp;edm=ANo9K5cEAAAA&amp;_nc_gid=eXV_CDiCSrSHwL0AnY_R5A&amp;_nc_tpa=Q5bMBQE5t9qf0LVtDsYXGW-Gpyyf8Hv8DNXl72uNK7h9aAvEPjedhJY2RIxkk0oMa3aBInTUUL0BtLyuxQ&amp;oh=00_Af6unNQnTXWVMPbORqLIBtRvbw5kyhZ1-Ryl6-Y9EggKMQ&amp;oe=69FA7442&quot;,&quot;640&quot;:&quot;https:\\\/\\\/scontent-fra5-1.cdninstagram.com\\\/v\\\/t51.82787-15\\\/671260708_17883594549512941_5783915971497161273_n.jpg?stp=dst-jpg_e35_tt6&amp;_nc_cat=110&amp;ccb=7-5&amp;_nc_sid=18de74&amp;efg=eyJlZmdfdGFnIjoiQ0FST1VTRUxfSVRFTS5iZXN0X2ltYWdlX3VybGdlbi5DMyJ9&amp;_nc_ohc=K1O8mgdhQ3IQ7kNvwH_Ze4x&amp;_nc_oc=AdpgKbOWhq6Ob4gXk5xXeM2pQb4NyRwrtS7cCTIC8l8lA4tM5Hh0jK0nnWm1v0I98MTGHjJa-p6SrCBMv9gmfRf7&amp;_nc_zt=23&amp;_nc_ht=scontent-fra5-1.cdninstagram.com&amp;edm=ANo9K5cEAAAA&amp;_nc_gid=eXV_CDiCSrSHwL0AnY_R5A&amp;_nc_tpa=Q5bMBQE5t9qf0LVtDsYXGW-Gpyyf8Hv8DNXl72uNK7h9aAvEPjedhJY2RIxkk0oMa3aBInTUUL0BtLyuxQ&amp;oh=00_Af6unNQnTXWVMPbORqLIBtRvbw5kyhZ1-Ryl6-Y9EggKMQ&amp;oe=69FA7442&quot;}\">\n\t\t\t<span class=\"sbi-screenreader\">xDer TV Gerthe hat sich im Spitzenspiel gegen Reck<\/span>\n\t\t\t<svg class=\"svg-inline--fa fa-clone fa-w-16 sbi_lightbox_carousel_icon\" aria-hidden=\"true\" aria-label=\"Clone\" data-fa-pro\u0192cessed=\"\" data-prefix=\"far\" data-icon=\"clone\" role=\"img\" xmlns=\"http:\/\/www.w3.org\/2000\/svg\" viewBox=\"0 0 512 512\">\n                    <path fill=\"currentColor\" d=\"M464 0H144c-26.51 0-48 21.49-48 48v48H48c-26.51 0-48 21.49-48 48v320c0 26.51 21.49 48 48 48h320c26.51 0 48-21.49 48-48v-48h48c26.51 0 48-21.49 48-48V48c0-26.51-21.49-48-48-48zM362 464H54a6 6 0 0 1-6-6V150a6 6 0 0 1 6-6h42v224c0 26.51 21.49 48 48 48h224v42a6 6 0 0 1-6 6zm96-96H150a6 6 0 0 1-6-6V54a6 6 0 0 1 6-6h308a6 6 0 0 1 6 6v308a6 6 0 0 1-6 6z\"><\/path>\n                <\/svg>\t\t\t\t\t\t<img decoding=\"async\" src=\"https:\/\/andreasbracke.de\/wp-content\/plugins\/instagram-feed\/img\/placeholder.png\" alt=\"xDer TV Gerthe hat sich im Spitzenspiel gegen Recklinghausen geschlagen geben m\u00fcssen. Trotz der Niederlage war es ein besonderer Basketballabend im ausverkauften Profina-Dome. Die Mannschaft hat erneut gezeigt, mit wie viel Einsatz, Leidenschaft und Teamgeist sie diese starke Saison bestreitet. Darauf k\u00f6nnen Team, Trainer und der ganze Verein stolz sein. Danke an alle, die f\u00fcr eine gro\u00dfartige Atmosph\u00e4re und starke Unterst\u00fctzung gesorgt haben.\" aria-hidden=\"true\">\n\t\t<\/a>\n\t<\/div>\n<\/div><div class=\"sbi_item sbi_type_carousel sbi_new sbi_transition\"\n\tid=\"sbi_18130234312560662\" data-date=\"1776549928\">\n\t<div class=\"sbi_photo_wrap\">\n\t\t<a class=\"sbi_photo\" href=\"https:\/\/www.instagram.com\/p\/DXSgUMgAHiF\/\" target=\"_blank\" rel=\"noopener nofollow\"\n\t\t\tdata-full-res=\"https:\/\/scontent-fra3-1.cdninstagram.com\/v\/t51.82787-15\/670417885_17883539457512941_3375047728702433974_n.jpg?stp=dst-jpg_e35_tt6&#038;_nc_cat=105&#038;ccb=7-5&#038;_nc_sid=18de74&#038;efg=eyJlZmdfdGFnIjoiQ0FST1VTRUxfSVRFTS5iZXN0X2ltYWdlX3VybGdlbi5DMyJ9&#038;_nc_ohc=AjtHJKtkBq0Q7kNvwFyxwyR&#038;_nc_oc=AdoG7aqywHdba_3CucjMexB6hd-RXLSrkopHzQSzXL0rCCtm0EvGW5EQ-G6-2FbvOu3upBMcCEuJ5lVZ01yYlo9J&#038;_nc_zt=23&#038;_nc_ht=scontent-fra3-1.cdninstagram.com&#038;edm=ANo9K5cEAAAA&#038;_nc_gid=eXV_CDiCSrSHwL0AnY_R5A&#038;_nc_tpa=Q5bMBQE08Tsn3kcDmH2mAU4ZmxgYhjzHwRrlSr-eaU9kc8GYO3pinVwv0N1hon84MSAOpLlbWyF5rkT2pg&#038;oh=00_Af5UwkV4f5721v8stk-KZUnj7rzXQ1_P7wRO9GXeGKMrLg&#038;oe=69FA8D12\"\n\t\t\tdata-img-src-set=\"{&quot;d&quot;:&quot;https:\\\/\\\/scontent-fra3-1.cdninstagram.com\\\/v\\\/t51.82787-15\\\/670417885_17883539457512941_3375047728702433974_n.jpg?stp=dst-jpg_e35_tt6&amp;_nc_cat=105&amp;ccb=7-5&amp;_nc_sid=18de74&amp;efg=eyJlZmdfdGFnIjoiQ0FST1VTRUxfSVRFTS5iZXN0X2ltYWdlX3VybGdlbi5DMyJ9&amp;_nc_ohc=AjtHJKtkBq0Q7kNvwFyxwyR&amp;_nc_oc=AdoG7aqywHdba_3CucjMexB6hd-RXLSrkopHzQSzXL0rCCtm0EvGW5EQ-G6-2FbvOu3upBMcCEuJ5lVZ01yYlo9J&amp;_nc_zt=23&amp;_nc_ht=scontent-fra3-1.cdninstagram.com&amp;edm=ANo9K5cEAAAA&amp;_nc_gid=eXV_CDiCSrSHwL0AnY_R5A&amp;_nc_tpa=Q5bMBQE08Tsn3kcDmH2mAU4ZmxgYhjzHwRrlSr-eaU9kc8GYO3pinVwv0N1hon84MSAOpLlbWyF5rkT2pg&amp;oh=00_Af5UwkV4f5721v8stk-KZUnj7rzXQ1_P7wRO9GXeGKMrLg&amp;oe=69FA8D12&quot;,&quot;150&quot;:&quot;https:\\\/\\\/scontent-fra3-1.cdninstagram.com\\\/v\\\/t51.82787-15\\\/670417885_17883539457512941_3375047728702433974_n.jpg?stp=dst-jpg_e35_tt6&amp;_nc_cat=105&amp;ccb=7-5&amp;_nc_sid=18de74&amp;efg=eyJlZmdfdGFnIjoiQ0FST1VTRUxfSVRFTS5iZXN0X2ltYWdlX3VybGdlbi5DMyJ9&amp;_nc_ohc=AjtHJKtkBq0Q7kNvwFyxwyR&amp;_nc_oc=AdoG7aqywHdba_3CucjMexB6hd-RXLSrkopHzQSzXL0rCCtm0EvGW5EQ-G6-2FbvOu3upBMcCEuJ5lVZ01yYlo9J&amp;_nc_zt=23&amp;_nc_ht=scontent-fra3-1.cdninstagram.com&amp;edm=ANo9K5cEAAAA&amp;_nc_gid=eXV_CDiCSrSHwL0AnY_R5A&amp;_nc_tpa=Q5bMBQE08Tsn3kcDmH2mAU4ZmxgYhjzHwRrlSr-eaU9kc8GYO3pinVwv0N1hon84MSAOpLlbWyF5rkT2pg&amp;oh=00_Af5UwkV4f5721v8stk-KZUnj7rzXQ1_P7wRO9GXeGKMrLg&amp;oe=69FA8D12&quot;,&quot;320&quot;:&quot;https:\\\/\\\/scontent-fra3-1.cdninstagram.com\\\/v\\\/t51.82787-15\\\/670417885_17883539457512941_3375047728702433974_n.jpg?stp=dst-jpg_e35_tt6&amp;_nc_cat=105&amp;ccb=7-5&amp;_nc_sid=18de74&amp;efg=eyJlZmdfdGFnIjoiQ0FST1VTRUxfSVRFTS5iZXN0X2ltYWdlX3VybGdlbi5DMyJ9&amp;_nc_ohc=AjtHJKtkBq0Q7kNvwFyxwyR&amp;_nc_oc=AdoG7aqywHdba_3CucjMexB6hd-RXLSrkopHzQSzXL0rCCtm0EvGW5EQ-G6-2FbvOu3upBMcCEuJ5lVZ01yYlo9J&amp;_nc_zt=23&amp;_nc_ht=scontent-fra3-1.cdninstagram.com&amp;edm=ANo9K5cEAAAA&amp;_nc_gid=eXV_CDiCSrSHwL0AnY_R5A&amp;_nc_tpa=Q5bMBQE08Tsn3kcDmH2mAU4ZmxgYhjzHwRrlSr-eaU9kc8GYO3pinVwv0N1hon84MSAOpLlbWyF5rkT2pg&amp;oh=00_Af5UwkV4f5721v8stk-KZUnj7rzXQ1_P7wRO9GXeGKMrLg&amp;oe=69FA8D12&quot;,&quot;640&quot;:&quot;https:\\\/\\\/scontent-fra3-1.cdninstagram.com\\\/v\\\/t51.82787-15\\\/670417885_17883539457512941_3375047728702433974_n.jpg?stp=dst-jpg_e35_tt6&amp;_nc_cat=105&amp;ccb=7-5&amp;_nc_sid=18de74&amp;efg=eyJlZmdfdGFnIjoiQ0FST1VTRUxfSVRFTS5iZXN0X2ltYWdlX3VybGdlbi5DMyJ9&amp;_nc_ohc=AjtHJKtkBq0Q7kNvwFyxwyR&amp;_nc_oc=AdoG7aqywHdba_3CucjMexB6hd-RXLSrkopHzQSzXL0rCCtm0EvGW5EQ-G6-2FbvOu3upBMcCEuJ5lVZ01yYlo9J&amp;_nc_zt=23&amp;_nc_ht=scontent-fra3-1.cdninstagram.com&amp;edm=ANo9K5cEAAAA&amp;_nc_gid=eXV_CDiCSrSHwL0AnY_R5A&amp;_nc_tpa=Q5bMBQE08Tsn3kcDmH2mAU4ZmxgYhjzHwRrlSr-eaU9kc8GYO3pinVwv0N1hon84MSAOpLlbWyF5rkT2pg&amp;oh=00_Af5UwkV4f5721v8stk-KZUnj7rzXQ1_P7wRO9GXeGKMrLg&amp;oe=69FA8D12&quot;}\">\n\t\t\t<span class=\"sbi-screenreader\">Liebe Ingrid,\n\nherzlichen Dank f\u00fcr die Einladung z<\/span>\n\t\t\t<svg class=\"svg-inline--fa fa-clone fa-w-16 sbi_lightbox_carousel_icon\" aria-hidden=\"true\" aria-label=\"Clone\" data-fa-pro\u0192cessed=\"\" data-prefix=\"far\" data-icon=\"clone\" role=\"img\" xmlns=\"http:\/\/www.w3.org\/2000\/svg\" viewBox=\"0 0 512 512\">\n                    <path fill=\"currentColor\" d=\"M464 0H144c-26.51 0-48 21.49-48 48v48H48c-26.51 0-48 21.49-48 48v320c0 26.51 21.49 48 48 48h320c26.51 0 48-21.49 48-48v-48h48c26.51 0 48-21.49 48-48V48c0-26.51-21.49-48-48-48zM362 464H54a6 6 0 0 1-6-6V150a6 6 0 0 1 6-6h42v224c0 26.51 21.49 48 48 48h224v42a6 6 0 0 1-6 6zm96-96H150a6 6 0 0 1-6-6V54a6 6 0 0 1 6-6h308a6 6 0 0 1 6 6v308a6 6 0 0 1-6 6z\"><\/path>\n                <\/svg>\t\t\t\t\t\t<img decoding=\"async\" src=\"https:\/\/andreasbracke.de\/wp-content\/plugins\/instagram-feed\/img\/placeholder.png\" alt=\"Liebe Ingrid,\n\nherzlichen Dank f\u00fcr die Einladung zu deinem 85. Geburtstag. Ich habe mich sehr gefreut, dabei sein zu d\u00fcrfen.\n\nZugleich m\u00f6chte ich dir meinen gro\u00dfen Respekt und meinen herzlichen Dank f\u00fcr dein langj\u00e4hriges Engagement in der Politik aussprechen. Dein Einsatz und deine Erfahrung verdienen gro\u00dfe Anerkennung.\n\nF\u00fcr das neue Lebensjahr w\u00fcnsche ich dir von Herzen Gesundheit, Freude und weiterhin viele sch\u00f6ne Momente.\n\nHerzliche Gr\u00fc\u00dfe\nAndreas\" aria-hidden=\"true\">\n\t\t<\/a>\n\t<\/div>\n<\/div>\t<\/div>\n\n\t<div id=\"sbi_load\" >\n\n\t\t\t<button class=\"sbi_load_btn\"\n\t\t\ttype=\"button\" >\n\t\t\t<span class=\"sbi_btn_text\" >Mehr laden<\/span>\n\t\t\t<span class=\"sbi_loader sbi_hidden\" style=\"background-color: rgb(255, 255, 255);\" aria-hidden=\"true\"><\/span>\n\t\t<\/button>\n\t\n\t\t\t<span class=\"sbi_follow_btn sbi_custom\" >\n\t\t\t<a target=\"_blank\"\n\t\t\t\trel=\"nofollow noopener\"  href=\"https:\/\/www.instagram.com\/dr_andreasbracke\/\" style=\"background: rgb(223,166,0);\">\n\t\t\t\t<svg class=\"svg-inline--fa fa-instagram fa-w-14\" aria-hidden=\"true\" data-fa-processed=\"\" aria-label=\"Instagram\" data-prefix=\"fab\" data-icon=\"instagram\" role=\"img\" viewBox=\"0 0 448 512\">\n                    <path fill=\"currentColor\" d=\"M224.1 141c-63.6 0-114.9 51.3-114.9 114.9s51.3 114.9 114.9 114.9S339 319.5 339 255.9 287.7 141 224.1 141zm0 189.6c-41.1 0-74.7-33.5-74.7-74.7s33.5-74.7 74.7-74.7 74.7 33.5 74.7 74.7-33.6 74.7-74.7 74.7zm146.4-194.3c0 14.9-12 26.8-26.8 26.8-14.9 0-26.8-12-26.8-26.8s12-26.8 26.8-26.8 26.8 12 26.8 26.8zm76.1 27.2c-1.7-35.9-9.9-67.7-36.2-93.9-26.2-26.2-58-34.4-93.9-36.2-37-2.1-147.9-2.1-184.9 0-35.8 1.7-67.6 9.9-93.9 36.1s-34.4 58-36.2 93.9c-2.1 37-2.1 147.9 0 184.9 1.7 35.9 9.9 67.7 36.2 93.9s58 34.4 93.9 36.2c37 2.1 147.9 2.1 184.9 0 35.9-1.7 67.7-9.9 93.9-36.2 26.2-26.2 34.4-58 36.2-93.9 2.1-37 2.1-147.8 0-184.8zM398.8 388c-7.8 19.6-22.9 34.7-42.6 42.6-29.5 11.7-99.5 9-132.1 9s-102.7 2.6-132.1-9c-19.6-7.8-34.7-22.9-42.6-42.6-11.7-29.5-9-99.5-9-132.1s-2.6-102.7 9-132.1c7.8-19.6 22.9-34.7 42.6-42.6 29.5-11.7 99.5-9 132.1-9s102.7-2.6 132.1 9c19.6 7.8 34.7 22.9 42.6 42.6 11.7 29.5 9 99.5 9 132.1s2.7 102.7-9 132.1z\"><\/path>\n                <\/svg>\t\t\t\t<span>Auf Instagram folgen<\/span>\n\t\t\t<\/a>\n\t\t<\/span>\n\t\n<\/div>\n\t\t<span class=\"sbi_resized_image_data\" data-feed-id=\"*1\"\n\t\t  data-resized=\"{&quot;18130234312560662&quot;:{&quot;id&quot;:&quot;670417885_17883539457512941_3375047728702433974_n&quot;,&quot;ratio&quot;:&quot;0.80&quot;,&quot;sizes&quot;:{&quot;full&quot;:640,&quot;low&quot;:320,&quot;thumb&quot;:150},&quot;extension&quot;:&quot;.webp&quot;},&quot;18318529849257407&quot;:{&quot;id&quot;:&quot;670914327_17883601740512941_9020240931474422166_n&quot;,&quot;ratio&quot;:&quot;0.80&quot;,&quot;sizes&quot;:{&quot;full&quot;:640,&quot;low&quot;:320,&quot;thumb&quot;:150},&quot;extension&quot;:&quot;.webp&quot;},&quot;17877197172570641&quot;:{&quot;id&quot;:&quot;671260708_17883594549512941_5783915971497161273_n&quot;,&quot;ratio&quot;:&quot;0.80&quot;,&quot;sizes&quot;:{&quot;full&quot;:640,&quot;low&quot;:320,&quot;thumb&quot;:150},&quot;extension&quot;:&quot;.webp&quot;},&quot;17861018766625427&quot;:{&quot;id&quot;:&quot;674390243_1639964367307334_6252986606482640610_n&quot;,&quot;ratio&quot;:&quot;0.56&quot;,&quot;sizes&quot;:{&quot;full&quot;:640,&quot;low&quot;:320,&quot;thumb&quot;:150},&quot;extension&quot;:&quot;.webp&quot;},&quot;17938357788039799&quot;:{&quot;id&quot;:&quot;671214470_1318662580359882_8665943639875440134_n&quot;,&quot;ratio&quot;:&quot;0.56&quot;,&quot;sizes&quot;:{&quot;full&quot;:640,&quot;low&quot;:320,&quot;thumb&quot;:150},&quot;extension&quot;:&quot;.webp&quot;},&quot;18079395380400067&quot;:{&quot;id&quot;:&quot;659569248_17884400976512941_2545994391285242843_n&quot;,&quot;ratio&quot;:&quot;0.80&quot;,&quot;sizes&quot;:{&quot;full&quot;:640,&quot;low&quot;:320,&quot;thumb&quot;:150},&quot;extension&quot;:&quot;.webp&quot;},&quot;18098553593014146&quot;:{&quot;id&quot;:&quot;681550303_17884408608512941_9108123890452901913_n&quot;,&quot;ratio&quot;:&quot;0.80&quot;,&quot;sizes&quot;:{&quot;full&quot;:640,&quot;low&quot;:320,&quot;thumb&quot;:150},&quot;extension&quot;:&quot;.webp&quot;},&quot;18575060410032150&quot;:{&quot;id&quot;:&quot;674473504_17884571184512941_154377015397985983_n&quot;,&quot;ratio&quot;:&quot;0.80&quot;,&quot;sizes&quot;:{&quot;full&quot;:640,&quot;low&quot;:320,&quot;thumb&quot;:150},&quot;extension&quot;:&quot;.webp&quot;}}\">\n\t<\/span>\n\t<\/div>\n\n\n\n\n\n<div class=\"wp-block-group alignfull has-global-padding is-layout-constrained wp-block-group-is-layout-constrained\" style=\"margin-top:0;margin-bottom:0;padding-top:var(--wp--preset--spacing--60);padding-bottom:var(--wp--preset--spacing--60)\">\n<div class=\"wp-block-columns alignwide is-layout-flex wp-container-core-columns-is-layout-74b2cda3 wp-block-columns-is-layout-flex\">\n<div class=\"wp-block-column is-layout-flow wp-block-column-is-layout-flow\"><\/div>\n<\/div>\n<\/div>\n\n\n\n<div class=\"wp-block-group alignfull has-global-padding is-layout-constrained wp-container-core-group-is-layout-0c9c989a wp-block-group-is-layout-constrained\" style=\"min-height:0vh;margin-top:0;margin-bottom:0;padding-top:var(--wp--preset--spacing--70);padding-right:var(--wp--preset--spacing--40);padding-bottom:var(--wp--preset--spacing--70);padding-left:var(--wp--preset--spacing--40)\">\n<div class=\"wp-block-group has-global-padding is-layout-constrained wp-container-core-group-is-layout-346627ba wp-block-group-is-layout-constrained\">\n<h1 class=\"wp-block-heading has-text-align-center has-custom-rh-ndorf-blau-color has-base-background-color has-text-color has-background has-link-color has-xx-large-font-size wp-elements-177a53341ef2feec5d871488fac7da84\" style=\"margin-right:0;margin-left:0;padding-right:0;padding-left:0\">Wenn Sie Fragen oder Anregungen haben, teilen Sie diese gerne mit mir.<\/h1>\n<\/div>\n<\/div>\n\n\n\n<div class=\"wp-block-columns is-layout-flex wp-container-core-columns-is-layout-28f84493 wp-block-columns-is-layout-flex\">\n<div class=\"wp-block-column is-layout-flow wp-block-column-is-layout-flow\">\n<iframe src=\"https:\/\/www.google.com\/maps\/embed?pb=!1m18!1m12!1m3!1d397.44959391892127!2d7.12913924912375!3d51.48358897197918!2m3!1f0!2f0!3f0!3m2!1i1024!2i768!4f13.1!3m3!1m2!1s0x47b8e74bebd90d5f%3A0x6bfc0f1cff52ac6b!2sLyrenstra%C3%9Fe%2C%2044866%20Wattenscheid!5e1!3m2!1sde!2sde!4v1752678708100!5m2!1sde!2sde\" width=\"600\" height=\"450\" style=\"border:0;\" allowfullscreen=\"\" loading=\"lazy\" referrerpolicy=\"no-referrer-when-downgrade\"><\/iframe>\n<\/div>\n\n\n\n<div class=\"wp-block-column is-layout-flow wp-block-column-is-layout-flow\">\n<div class=\"wpcf7 no-js\" id=\"wpcf7-f137-o1\" lang=\"de-DE\" dir=\"ltr\" data-wpcf7-id=\"137\">\n<div class=\"screen-reader-response\"><p role=\"status\" aria-live=\"polite\" aria-atomic=\"true\"><\/p> <ul><\/ul><\/div>\n<form action=\"\/index.php?rest_route=%2Fwp%2Fv2%2Fpages%2F6#wpcf7-f137-o1\" method=\"post\" class=\"wpcf7-form init\" aria-label=\"Kontaktformular\" novalidate=\"novalidate\" data-status=\"init\">\n<fieldset class=\"hidden-fields-container\"><input type=\"hidden\" name=\"_wpcf7\" value=\"137\" \/><input type=\"hidden\" name=\"_wpcf7_version\" value=\"6.1.5\" \/><input type=\"hidden\" name=\"_wpcf7_locale\" value=\"de_DE\" \/><input type=\"hidden\" name=\"_wpcf7_unit_tag\" value=\"wpcf7-f137-o1\" \/><input type=\"hidden\" name=\"_wpcf7_container_post\" value=\"0\" \/><input type=\"hidden\" name=\"_wpcf7_posted_data_hash\" value=\"\" \/>\n<\/fieldset>\n<p><label> Name<br \/>\n<span class=\"wpcf7-form-control-wrap\" data-name=\"your-name\"><input size=\"40\" maxlength=\"400\" class=\"wpcf7-form-control wpcf7-text wpcf7-validates-as-required\" autocomplete=\"name\" aria-required=\"true\" aria-invalid=\"false\" value=\"\" type=\"text\" name=\"your-name\" \/><\/span> <\/label>\n<\/p>\n<p><label> E-Mail-Adresse<br \/>\n<span class=\"wpcf7-form-control-wrap\" data-name=\"your-email\"><input size=\"40\" maxlength=\"400\" class=\"wpcf7-form-control wpcf7-email wpcf7-validates-as-required wpcf7-text wpcf7-validates-as-email\" autocomplete=\"email\" aria-required=\"true\" aria-invalid=\"false\" value=\"\" type=\"email\" name=\"your-email\" \/><\/span> <\/label>\n<\/p>\n<p><label> Betreff<br \/>\n<span class=\"wpcf7-form-control-wrap\" data-name=\"your-subject\"><input size=\"40\" maxlength=\"400\" class=\"wpcf7-form-control wpcf7-text wpcf7-validates-as-required\" aria-required=\"true\" aria-invalid=\"false\" value=\"\" type=\"text\" name=\"your-subject\" \/><\/span> <\/label>\n<\/p>\n<p><label> Nachricht (optional)<br \/>\n<span class=\"wpcf7-form-control-wrap\" data-name=\"your-message\"><textarea cols=\"40\" rows=\"10\" maxlength=\"2000\" class=\"wpcf7-form-control wpcf7-textarea\" aria-invalid=\"false\" name=\"your-message\"><\/textarea><\/span> <\/label>\n<\/p>\n<p><input class=\"wpcf7-form-control wpcf7-submit has-spinner\" type=\"submit\" value=\"Senden\" \/>\n<\/p><p style=\"display: none !important;\" class=\"akismet-fields-container\" data-prefix=\"_wpcf7_ak_\"><label>&#916;<textarea name=\"_wpcf7_ak_hp_textarea\" cols=\"45\" rows=\"8\" maxlength=\"100\"><\/textarea><\/label><input type=\"hidden\" id=\"ak_js_1\" name=\"_wpcf7_ak_js\" value=\"117\"\/><script>\ndocument.getElementById( \"ak_js_1\" ).setAttribute( \"value\", ( new Date() ).getTime() );\n<\/script>\n<\/p><div class=\"wpcf7-response-output\" aria-hidden=\"true\"><\/div>\n<\/form>\n<\/div>\n\n<\/div>\n<\/div>\n\n\n\n<p><\/p>\n","protected":false},"excerpt":{"rendered":"<p>Dr. Andreas Bracke Aus Bochum. F\u00fcr Bochum. Geboren und aufgewachsen in Bochum, Maschinenbauingenieur und internationale F\u00fchrungskraft, seit \u00fcber 30 Jahren ehrenamtlich kommunalpolitisch aktiv, verheiratet, Vater und in Bochum fest verwurzelt. Wof\u00fcr ich stehe? Mehr Sicherheit und Verl\u00e4sslichkeit im Alltag.Strukturen, die man sp\u00fcrt \u2013 vor Ort. Ein Kitaplatz f\u00fcr jedes Kind.L\u00f6sungen statt Wartelisten. Moderne Klassenr\u00e4ume statt [&hellip;]<\/p>\n","protected":false},"author":1,"featured_media":0,"parent":0,"menu_order":0,"comment_status":"closed","ping_status":"closed","template":"","meta":{"footnotes":""},"class_list":["post-6","page","type-page","status-publish","hentry"],"_links":{"self":[{"href":"https:\/\/andreasbracke.de\/index.php?rest_route=\/wp\/v2\/pages\/6","targetHints":{"allow":["GET"]}}],"collection":[{"href":"https:\/\/andreasbracke.de\/index.php?rest_route=\/wp\/v2\/pages"}],"about":[{"href":"https:\/\/andreasbracke.de\/index.php?rest_route=\/wp\/v2\/types\/page"}],"author":[{"embeddable":true,"href":"https:\/\/andreasbracke.de\/index.php?rest_route=\/wp\/v2\/users\/1"}],"replies":[{"embeddable":true,"href":"https:\/\/andreasbracke.de\/index.php?rest_route=%2Fwp%2Fv2%2Fcomments&post=6"}],"version-history":[{"count":30,"href":"https:\/\/andreasbracke.de\/index.php?rest_route=\/wp\/v2\/pages\/6\/revisions"}],"predecessor-version":[{"id":173,"href":"https:\/\/andreasbracke.de\/index.php?rest_route=\/wp\/v2\/pages\/6\/revisions\/173"}],"wp:attachment":[{"href":"https:\/\/andreasbracke.de\/index.php?rest_route=%2Fwp%2Fv2%2Fmedia&parent=6"}],"curies":[{"name":"wp","href":"https:\/\/api.w.org\/{rel}","templated":true}]}}